{"id":311,"date":"2022-11-04T07:25:53","date_gmt":"2022-11-04T06:25:53","guid":{"rendered":"https:\/\/www.ibericospefran.com\/?page_id=311"},"modified":"2023-04-12T10:27:21","modified_gmt":"2023-04-12T08:27:21","slug":"sostenibilidad","status":"publish","type":"page","link":"https:\/\/www.ibericospefran.com\/fr\/sostenibilidad\/","title":{"rendered":"D\u00e9veloppement durable"},"content":{"rendered":"<div data-elementor-type=\"wp-page\" data-elementor-id=\"311\" class=\"elementor elementor-311\" data-elementor-post-type=\"page\">\n\t\t\t\t\t\t<section class=\"elementor-section elementor-top-section elementor-element elementor-element-604c235f elementor-hidden-mobile elementor-section-boxed elementor-section-height-default elementor-section-height-default\" data-id=\"604c235f\" data-element_type=\"section\" data-e-type=\"section\" data-settings=\"{&quot;background_background&quot;:&quot;video&quot;,&quot;background_video_link&quot;:&quot;https:\\\/\\\/www.ibericospefran.com\\\/wp-content\\\/uploads\\\/2023\\\/04\\\/minivideo-placas-web-pag-sostenibilidad.mp4&quot;,&quot;background_play_on_mobile&quot;:&quot;yes&quot;}\">\n\t\t\t\t\t\t\t\t<div class=\"elementor-background-video-container\">\n\t\t\t\t\t\t\t\t\t\t\t\t\t<video class=\"elementor-background-video-hosted\" role=\"presentation\" autoplay muted playsinline loop><\/video>\n\t\t\t\t\t\t\t\t\t\t\t<\/div>\n\t\t\t\t\t\t\t\t\t<div class=\"elementor-background-overlay\"><\/div>\n\t\t\t\t\t\t\t<div class=\"elementor-container elementor-column-gap-default\">\n\t\t\t\t\t<div class=\"elementor-column elementor-col-100 elementor-top-column elementor-element elementor-element-59f7b58a elementor-invisible\" data-id=\"59f7b58a\" data-element_type=\"column\" data-e-type=\"column\" data-settings=\"{&quot;animation&quot;:&quot;fadeInLeft&quot;}\">\n\t\t\t<div class=\"elementor-widget-wrap elementor-element-populated\">\n\t\t\t\t\t\t<div class=\"elementor-element elementor-element-56c9f2b5 elementor-widget elementor-widget-heading\" data-id=\"56c9f2b5\" data-element_type=\"widget\" data-e-type=\"widget\" data-widget_type=\"heading.default\">\n\t\t\t\t<div class=\"elementor-widget-container\">\n\t\t\t\t\t<p class=\"elementor-heading-title elementor-size-default\">ENGAG\u00c9S DANS LA PROTECTION DE NOTRE ENVIRONNEMENT NATUREL<\/p>\t\t\t\t<\/div>\n\t\t\t\t<\/div>\n\t\t\t\t<div class=\"elementor-element elementor-element-4d26d826 elementor-widget elementor-widget-heading\" data-id=\"4d26d826\" data-element_type=\"widget\" data-e-type=\"widget\" data-widget_type=\"heading.default\">\n\t\t\t\t<div class=\"elementor-widget-container\">\n\t\t\t\t\t<h1 class=\"elementor-heading-title elementor-size-default\">D\u00e9veloppement durable<\/h1>\t\t\t\t<\/div>\n\t\t\t\t<\/div>\n\t\t\t\t\t<\/div>\n\t\t<\/div>\n\t\t\t\t\t<\/div>\n\t\t<\/section>\n\t\t\t\t<section class=\"elementor-section elementor-top-section elementor-element elementor-element-ecf3168 elementor-hidden-desktop elementor-hidden-tablet elementor-section-boxed elementor-section-height-default elementor-section-height-default\" data-id=\"ecf3168\" data-element_type=\"section\" data-e-type=\"section\" data-settings=\"{&quot;background_background&quot;:&quot;classic&quot;}\">\n\t\t\t\t\t\t\t<div class=\"elementor-background-overlay\"><\/div>\n\t\t\t\t\t\t\t<div class=\"elementor-container elementor-column-gap-default\">\n\t\t\t\t\t<div class=\"elementor-column elementor-col-100 elementor-top-column elementor-element elementor-element-aebc973 elementor-invisible\" data-id=\"aebc973\" data-element_type=\"column\" data-e-type=\"column\" data-settings=\"{&quot;animation&quot;:&quot;fadeInLeft&quot;}\">\n\t\t\t<div class=\"elementor-widget-wrap elementor-element-populated\">\n\t\t\t\t\t\t<div class=\"elementor-element elementor-element-4b90d01 elementor-widget elementor-widget-heading\" data-id=\"4b90d01\" data-element_type=\"widget\" data-e-type=\"widget\" data-widget_type=\"heading.default\">\n\t\t\t\t<div class=\"elementor-widget-container\">\n\t\t\t\t\t<p class=\"elementor-heading-title elementor-size-default\">ENGAG\u00c9S DANS LA PROTECTION DE NOTRE ENVIRONNEMENT NATUREL<\/p>\t\t\t\t<\/div>\n\t\t\t\t<\/div>\n\t\t\t\t<div class=\"elementor-element elementor-element-b5ca3ca elementor-widget elementor-widget-heading\" data-id=\"b5ca3ca\" data-element_type=\"widget\" data-e-type=\"widget\" data-widget_type=\"heading.default\">\n\t\t\t\t<div class=\"elementor-widget-container\">\n\t\t\t\t\t<h1 class=\"elementor-heading-title elementor-size-default\">D\u00e9veloppement durable<\/h1>\t\t\t\t<\/div>\n\t\t\t\t<\/div>\n\t\t\t\t\t<\/div>\n\t\t<\/div>\n\t\t\t\t\t<\/div>\n\t\t<\/section>\n\t\t\t\t<section class=\"elementor-section elementor-top-section elementor-element elementor-element-dd161c6 elementor-section-boxed elementor-section-height-default elementor-section-height-default elementor-invisible\" data-id=\"dd161c6\" data-element_type=\"section\" data-e-type=\"section\" data-settings=\"{&quot;animation&quot;:&quot;fadeInLeft&quot;}\">\n\t\t\t\t\t\t<div class=\"elementor-container elementor-column-gap-default\">\n\t\t\t\t\t<div class=\"elementor-column elementor-col-100 elementor-top-column elementor-element elementor-element-7123c8ba\" data-id=\"7123c8ba\" data-element_type=\"column\" data-e-type=\"column\">\n\t\t\t<div class=\"elementor-widget-wrap elementor-element-populated\">\n\t\t\t\t\t\t<div class=\"elementor-element elementor-element-fe5fd0e elementor-hidden-desktop elementor-hidden-tablet elementor-hidden-mobile elementor-widget elementor-widget-image\" data-id=\"fe5fd0e\" data-element_type=\"widget\" data-e-type=\"widget\" data-widget_type=\"image.default\">\n\t\t\t\t<div class=\"elementor-widget-container\">\n\t\t\t\t\t\t\t\t\t\t\t\t\t\t\t<img fetchpriority=\"high\" decoding=\"async\" width=\"1964\" height=\"2206\" src=\"https:\/\/www.ibericospefran.com\/wp-content\/uploads\/2023\/02\/icono-sostenible_2.png\" class=\"attachment-full size-full wp-image-1425\" alt=\"\" srcset=\"https:\/\/www.ibericospefran.com\/wp-content\/uploads\/2023\/02\/icono-sostenible_2.png 1964w, https:\/\/www.ibericospefran.com\/wp-content\/uploads\/2023\/02\/icono-sostenible_2-267x300.png 267w, https:\/\/www.ibericospefran.com\/wp-content\/uploads\/2023\/02\/icono-sostenible_2-912x1024.png 912w, https:\/\/www.ibericospefran.com\/wp-content\/uploads\/2023\/02\/icono-sostenible_2-768x863.png 768w, https:\/\/www.ibericospefran.com\/wp-content\/uploads\/2023\/02\/icono-sostenible_2-1367x1536.png 1367w, https:\/\/www.ibericospefran.com\/wp-content\/uploads\/2023\/02\/icono-sostenible_2-1823x2048.png 1823w, https:\/\/www.ibericospefran.com\/wp-content\/uploads\/2023\/02\/icono-sostenible_2-300x337.png 300w, https:\/\/www.ibericospefran.com\/wp-content\/uploads\/2023\/02\/icono-sostenible_2-600x674.png 600w\" sizes=\"(max-width: 1964px) 100vw, 1964px\" \/>\t\t\t\t\t\t\t\t\t\t\t\t\t\t\t<\/div>\n\t\t\t\t<\/div>\n\t\t\t\t<div class=\"elementor-element elementor-element-f5156e4 elementor-widget elementor-widget-image\" data-id=\"f5156e4\" data-element_type=\"widget\" data-e-type=\"widget\" data-widget_type=\"image.default\">\n\t\t\t\t<div class=\"elementor-widget-container\">\n\t\t\t\t\t\t\t\t\t\t\t\t\t\t\t<img decoding=\"async\" width=\"300\" height=\"296\" src=\"https:\/\/www.ibericospefran.com\/wp-content\/uploads\/2023\/04\/icono-sostenible_sin-info-300x296.png\" class=\"attachment-medium size-medium wp-image-2430\" alt=\"\" srcset=\"https:\/\/www.ibericospefran.com\/wp-content\/uploads\/2023\/04\/icono-sostenible_sin-info-300x296.png 300w, https:\/\/www.ibericospefran.com\/wp-content\/uploads\/2023\/04\/icono-sostenible_sin-info-1024x1009.png 1024w, https:\/\/www.ibericospefran.com\/wp-content\/uploads\/2023\/04\/icono-sostenible_sin-info-768x757.png 768w, https:\/\/www.ibericospefran.com\/wp-content\/uploads\/2023\/04\/icono-sostenible_sin-info-1536x1514.png 1536w, https:\/\/www.ibericospefran.com\/wp-content\/uploads\/2023\/04\/icono-sostenible_sin-info-12x12.png 12w, https:\/\/www.ibericospefran.com\/wp-content\/uploads\/2023\/04\/icono-sostenible_sin-info-600x591.png 600w, https:\/\/www.ibericospefran.com\/wp-content\/uploads\/2023\/04\/icono-sostenible_sin-info-100x100.png 100w, https:\/\/www.ibericospefran.com\/wp-content\/uploads\/2023\/04\/icono-sostenible_sin-info.png 1964w\" sizes=\"(max-width: 300px) 100vw, 300px\" \/>\t\t\t\t\t\t\t\t\t\t\t\t\t\t\t<\/div>\n\t\t\t\t<\/div>\n\t\t\t\t<div class=\"elementor-element elementor-element-1b469d10 elementor-widget elementor-widget-heading\" data-id=\"1b469d10\" data-element_type=\"widget\" data-e-type=\"widget\" data-widget_type=\"heading.default\">\n\t\t\t\t<div class=\"elementor-widget-container\">\n\t\t\t\t\t<h2 class=\"elementor-heading-title elementor-size-default\">Pefr\u00e1n a lanc\u00e9 une s\u00e9rie d'actions en faveur de la protection de l'environnement et de l'efficacit\u00e9 \u00e9nerg\u00e9tique appel\u00e9es \u201cPefr\u00e1n Sostenible\u201d.<\/h2>\t\t\t\t<\/div>\n\t\t\t\t<\/div>\n\t\t\t\t<div class=\"elementor-element elementor-element-d25736b elementor-widget elementor-widget-text-editor\" data-id=\"d25736b\" data-element_type=\"widget\" data-e-type=\"widget\" data-widget_type=\"text-editor.default\">\n\t\t\t\t<div class=\"elementor-widget-container\">\n\t\t\t\t\t\t\t\t\t<p class=\" translation-block\">Ce nouveau projet comprend l'installation de stations photovolta\u00efques pour l'autoconsommation et la promotion de mesures d'efficacit\u00e9 \u00e9nerg\u00e9tique (r\u00e9duction des plastiques, efficacit\u00e9 des machines et recyclage du papier et du carton, entre autres) \u00e0 tous les stades de la production.<\/p>\t\t\t\t\t\t\t\t<\/div>\n\t\t\t\t<\/div>\n\t\t\t\t\t<\/div>\n\t\t<\/div>\n\t\t\t\t\t<\/div>\n\t\t<\/section>\n\t\t\t\t<section class=\"elementor-section elementor-top-section elementor-element elementor-element-50886c6b elementor-section-full_width elementor-reverse-mobile elementor-section-height-default elementor-section-height-default\" data-id=\"50886c6b\" data-element_type=\"section\" data-e-type=\"section\">\n\t\t\t\t\t\t<div class=\"elementor-container elementor-column-gap-default\">\n\t\t\t\t\t<div class=\"elementor-column elementor-col-50 elementor-top-column elementor-element elementor-element-4d018f16 elementor-invisible\" data-id=\"4d018f16\" data-element_type=\"column\" data-e-type=\"column\" data-settings=\"{&quot;animation&quot;:&quot;fadeInLeft&quot;}\">\n\t\t\t<div class=\"elementor-widget-wrap elementor-element-populated\">\n\t\t\t\t\t\t<div class=\"elementor-element elementor-element-73323b52 elementor-widget elementor-widget-heading\" data-id=\"73323b52\" data-element_type=\"widget\" data-e-type=\"widget\" data-widget_type=\"heading.default\">\n\t\t\t\t<div class=\"elementor-widget-container\">\n\t\t\t\t\t<h2 class=\"elementor-heading-title elementor-size-default\">Stations photovolta\u00efques<\/h2>\t\t\t\t<\/div>\n\t\t\t\t<\/div>\n\t\t\t\t<div class=\"elementor-element elementor-element-416e266d elementor-widget elementor-widget-text-editor\" data-id=\"416e266d\" data-element_type=\"widget\" data-e-type=\"widget\" data-widget_type=\"text-editor.default\">\n\t\t\t\t<div class=\"elementor-widget-container\">\n\t\t\t\t\t\t\t\t\t<p>Les stations photovolta\u00efques que Pefr\u00e1n a install\u00e9es sur 95 % des toits disponibles de son usine seront \u00e0 injection z\u00e9ro, avec l'installation de panneaux photovolta\u00efques \u00e0 haut rendement sans surplus d'\u00e9nergie, 100 % pour l'autoconsommation. Concr\u00e8tement, on estime que 25 % de la consommation annuelle totale de sa production sera couverte par l'\u00e9nergie photovolta\u00efque autoproduite.<\/p>\n<p class=\" translation-block\">La nouvelle installation d'autoconsommation photovolta\u00efque de Pefr\u00e1n est soutenue par les fonds europ\u00e9ens Next Generation. Le projet fait partie du programme d'incitations li\u00e9es \u00e0 l'autoconsommation et au stockage, avec des sources d'\u00e9nergie renouvelables, ainsi qu'\u00e0 la mise en \u0153uvre de syst\u00e8mes thermiques renouvelables dans le secteur r\u00e9sidentiel dans le cadre du Plan de r\u00e9cup\u00e9ration, de transformation et de r\u00e9silience, financ\u00e9 par l'Union europ\u00e9enne - NextGenerationEU.<\/p>\t\t\t\t\t\t\t\t<\/div>\n\t\t\t\t<\/div>\n\t\t\t\t\t<\/div>\n\t\t<\/div>\n\t\t\t\t<div class=\"elementor-column elementor-col-50 elementor-top-column elementor-element elementor-element-427fe4fe\" data-id=\"427fe4fe\" data-element_type=\"column\" data-e-type=\"column\" data-settings=\"{&quot;background_background&quot;:&quot;classic&quot;}\">\n\t\t\t<div class=\"elementor-widget-wrap elementor-element-populated\">\n\t\t\t\t\t\t<div class=\"elementor-element elementor-element-33148eb4 elementor-widget elementor-widget-spacer\" data-id=\"33148eb4\" data-element_type=\"widget\" data-e-type=\"widget\" data-widget_type=\"spacer.default\">\n\t\t\t\t<div class=\"elementor-widget-container\">\n\t\t\t\t\t\t\t<div class=\"elementor-spacer\">\n\t\t\t<div class=\"elementor-spacer-inner\"><\/div>\n\t\t<\/div>\n\t\t\t\t\t\t<\/div>\n\t\t\t\t<\/div>\n\t\t\t\t\t<\/div>\n\t\t<\/div>\n\t\t\t\t\t<\/div>\n\t\t<\/section>\n\t\t\t\t<section class=\"elementor-section elementor-top-section elementor-element elementor-element-3415935f elementor-section-boxed elementor-section-height-default elementor-section-height-default elementor-invisible\" data-id=\"3415935f\" data-element_type=\"section\" data-e-type=\"section\" data-settings=\"{&quot;animation&quot;:&quot;fadeInLeft&quot;}\">\n\t\t\t\t\t\t<div class=\"elementor-container elementor-column-gap-default\">\n\t\t\t\t\t<div class=\"elementor-column elementor-col-100 elementor-top-column elementor-element elementor-element-45e78238\" data-id=\"45e78238\" data-element_type=\"column\" data-e-type=\"column\">\n\t\t\t<div class=\"elementor-widget-wrap elementor-element-populated\">\n\t\t\t\t\t\t<div class=\"elementor-element elementor-element-4aa1043b elementor-widget elementor-widget-heading\" data-id=\"4aa1043b\" data-element_type=\"widget\" data-e-type=\"widget\" data-widget_type=\"heading.default\">\n\t\t\t\t<div class=\"elementor-widget-container\">\n\t\t\t\t\t<h2 class=\"elementor-heading-title elementor-size-default\">Ce projet important nous rapproche de notre engagement en faveur de l'environnement et du d\u00e9veloppement durable.\n<\/h2>\t\t\t\t<\/div>\n\t\t\t\t<\/div>\n\t\t\t\t<div class=\"elementor-element elementor-element-b51e5f4 elementor-widget elementor-widget-text-editor\" data-id=\"b51e5f4\" data-element_type=\"widget\" data-e-type=\"widget\" data-widget_type=\"text-editor.default\">\n\t\t\t\t<div class=\"elementor-widget-container\">\n\t\t\t\t\t\t\t\t\tCet investissement permettra \u00e9galement d'\u00e9viter l'\u00e9mission de plus de 250 tonnes de CO2, ce qui \u00e9quivaut au CO2 absorb\u00e9 par une plantation de plus de 330 arbres au cours des 10 prochaines ann\u00e9es.\n\t\t\t\t\t\t\t\t<\/div>\n\t\t\t\t<\/div>\n\t\t\t\t\t<\/div>\n\t\t<\/div>\n\t\t\t\t\t<\/div>\n\t\t<\/section>\n\t\t\t\t<section class=\"elementor-section elementor-top-section elementor-element elementor-element-234fd877 elementor-section-full_width elementor-section-height-default elementor-section-height-default\" data-id=\"234fd877\" data-element_type=\"section\" data-e-type=\"section\">\n\t\t\t\t\t\t<div class=\"elementor-container elementor-column-gap-default\">\n\t\t\t\t\t<div class=\"elementor-column elementor-col-50 elementor-top-column elementor-element elementor-element-109cd561\" data-id=\"109cd561\" data-element_type=\"column\" data-e-type=\"column\" data-settings=\"{&quot;background_background&quot;:&quot;classic&quot;}\">\n\t\t\t<div class=\"elementor-widget-wrap elementor-element-populated\">\n\t\t\t\t\t\t<div class=\"elementor-element elementor-element-0d42fba elementor-widget elementor-widget-image\" data-id=\"0d42fba\" data-element_type=\"widget\" data-e-type=\"widget\" data-widget_type=\"image.default\">\n\t\t\t\t<div class=\"elementor-widget-container\">\n\t\t\t\t\t\t\t\t\t\t\t\t\t\t\t<img decoding=\"async\" width=\"897\" height=\"665\" src=\"https:\/\/www.ibericospefran.com\/wp-content\/uploads\/2023\/03\/CAJA-FSC-para-web-e1678799735285.jpg\" class=\"attachment-full size-full wp-image-2292\" alt=\"CAJA sostenible FSC para web\" srcset=\"https:\/\/www.ibericospefran.com\/wp-content\/uploads\/2023\/03\/CAJA-FSC-para-web-e1678799735285.jpg 897w, https:\/\/www.ibericospefran.com\/wp-content\/uploads\/2023\/03\/CAJA-FSC-para-web-e1678799735285-300x222.jpg 300w, https:\/\/www.ibericospefran.com\/wp-content\/uploads\/2023\/03\/CAJA-FSC-para-web-e1678799735285-768x569.jpg 768w, https:\/\/www.ibericospefran.com\/wp-content\/uploads\/2023\/03\/CAJA-FSC-para-web-e1678799735285-16x12.jpg 16w, https:\/\/www.ibericospefran.com\/wp-content\/uploads\/2023\/03\/CAJA-FSC-para-web-e1678799735285-600x445.jpg 600w\" sizes=\"(max-width: 897px) 100vw, 897px\" \/>\t\t\t\t\t\t\t\t\t\t\t\t\t\t\t<\/div>\n\t\t\t\t<\/div>\n\t\t\t\t\t<\/div>\n\t\t<\/div>\n\t\t\t\t<div class=\"elementor-column elementor-col-50 elementor-top-column elementor-element elementor-element-182039f7 elementor-invisible\" data-id=\"182039f7\" data-element_type=\"column\" data-e-type=\"column\" data-settings=\"{&quot;animation&quot;:&quot;fadeInLeft&quot;}\">\n\t\t\t<div class=\"elementor-widget-wrap elementor-element-populated\">\n\t\t\t\t\t\t<div class=\"elementor-element elementor-element-6af7a9c elementor-widget elementor-widget-menu-anchor\" data-id=\"6af7a9c\" data-element_type=\"widget\" data-e-type=\"widget\" data-widget_type=\"menu-anchor.default\">\n\t\t\t\t<div class=\"elementor-widget-container\">\n\t\t\t\t\t\t\t<div class=\"elementor-menu-anchor\" id=\"certificadofsc\"><\/div>\n\t\t\t\t\t\t<\/div>\n\t\t\t\t<\/div>\n\t\t\t\t<div class=\"elementor-element elementor-element-4d1418a elementor-widget elementor-widget-heading\" data-id=\"4d1418a\" data-element_type=\"widget\" data-e-type=\"widget\" data-widget_type=\"heading.default\">\n\t\t\t\t<div class=\"elementor-widget-container\">\n\t\t\t\t\t<h2 class=\"elementor-heading-title elementor-size-default\">Carton<\/h2>\t\t\t\t<\/div>\n\t\t\t\t<\/div>\n\t\t\t\t<div class=\"elementor-element elementor-element-4d67a10c elementor-widget elementor-widget-text-editor\" data-id=\"4d67a10c\" data-element_type=\"widget\" data-e-type=\"widget\" data-widget_type=\"text-editor.default\">\n\t\t\t\t<div class=\"elementor-widget-container\">\n\t\t\t\t\t\t\t\t\tTous les emballages en carton utilis\u00e9s par Pefran sont certifi\u00e9s FSC, ce qui est exig\u00e9 de tous nos fournisseurs, garantissant au consommateur que le mat\u00e9riau forestier utilis\u00e9 provient de for\u00eats g\u00e9r\u00e9es de mani\u00e8re responsable et de sources contr\u00f4l\u00e9es.\n\t\t\t\t\t\t\t\t<\/div>\n\t\t\t\t<\/div>\n\t\t\t\t<div class=\"elementor-element elementor-element-92aab97 elementor-position-inline-start elementor-mobile-position-inline-start elementor-view-default elementor-widget elementor-widget-icon-box\" data-id=\"92aab97\" data-element_type=\"widget\" data-e-type=\"widget\" data-widget_type=\"icon-box.default\">\n\t\t\t\t<div class=\"elementor-widget-container\">\n\t\t\t\t\t\t\t<div class=\"elementor-icon-box-wrapper\">\n\n\t\t\t\t\t\t<div class=\"elementor-icon-box-icon\">\n\t\t\t\t<span  class=\"elementor-icon\">\n\t\t\t\t<svg aria-hidden=\"true\" class=\"e-font-icon-svg e-fas-circle\" viewbox=\"0 0 512 512\" xmlns=\"http:\/\/www.w3.org\/2000\/svg\"><path d=\"M256 8C119 8 8 119 8 256s111 248 248 248 248-111 248-248S393 8 256 8z\"><\/path><\/svg>\t\t\t\t<\/span>\n\t\t\t<\/div>\n\t\t\t\n\t\t\t\t\t\t<div class=\"elementor-icon-box-content\">\n\n\t\t\t\t\t\t\t\t\t<h3 class=\"elementor-icon-box-title\">\n\t\t\t\t\t\t<span  >\n\t\t\t\t\t\t\tDes for\u00eats saines\t\t\t\t\t\t<\/span>\n\t\t\t\t\t<\/h3>\n\t\t\t\t\n\t\t\t\t\t\t\t\t\t<p class=\"elementor-icon-box-description\">\n\t\t\t\t\t\t qui stockent le carbone et contribuent \u00e0 ralentir les effets du changement climatique.\n\t\t\t\t\t<\/p>\n\t\t\t\t\n\t\t\t<\/div>\n\t\t\t\n\t\t<\/div>\n\t\t\t\t\t\t<\/div>\n\t\t\t\t<\/div>\n\t\t\t\t<div class=\"elementor-element elementor-element-6312c27 elementor-position-inline-start elementor-mobile-position-inline-start elementor-view-default elementor-widget elementor-widget-icon-box\" data-id=\"6312c27\" data-element_type=\"widget\" data-e-type=\"widget\" data-widget_type=\"icon-box.default\">\n\t\t\t\t<div class=\"elementor-widget-container\">\n\t\t\t\t\t\t\t<div class=\"elementor-icon-box-wrapper\">\n\n\t\t\t\t\t\t<div class=\"elementor-icon-box-icon\">\n\t\t\t\t<span  class=\"elementor-icon\">\n\t\t\t\t<svg aria-hidden=\"true\" class=\"e-font-icon-svg e-fas-circle\" viewbox=\"0 0 512 512\" xmlns=\"http:\/\/www.w3.org\/2000\/svg\"><path d=\"M256 8C119 8 8 119 8 256s111 248 248 248 248-111 248-248S393 8 256 8z\"><\/path><\/svg>\t\t\t\t<\/span>\n\t\t\t<\/div>\n\t\t\t\n\t\t\t\t\t\t<div class=\"elementor-icon-box-content\">\n\n\t\t\t\t\t\t\t\t\t<h3 class=\"elementor-icon-box-title\">\n\t\t\t\t\t\t<span  >\n\t\t\t\t\t\t\tDes for\u00eats durables \t\t\t\t\t\t<\/span>\n\t\t\t\t\t<\/h3>\n\t\t\t\t\n\t\t\t\t\t\t\t\t\t<p class=\"elementor-icon-box-description\">\n\t\t\t\t\t\tqui prot\u00e8gent la biodiversit\u00e9 et conservent les services \u00e9cosyst\u00e9miques essentiels \u00e0 la vie humaine, tels que l'eau et l'air que nous respirons.\t\t\t\t\t<\/p>\n\t\t\t\t\n\t\t\t<\/div>\n\t\t\t\n\t\t<\/div>\n\t\t\t\t\t\t<\/div>\n\t\t\t\t<\/div>\n\t\t\t\t<div class=\"elementor-element elementor-element-7e07aab elementor-position-inline-start elementor-mobile-position-inline-start elementor-view-default elementor-widget elementor-widget-icon-box\" data-id=\"7e07aab\" data-element_type=\"widget\" data-e-type=\"widget\" data-widget_type=\"icon-box.default\">\n\t\t\t\t<div class=\"elementor-widget-container\">\n\t\t\t\t\t\t\t<div class=\"elementor-icon-box-wrapper\">\n\n\t\t\t\t\t\t<div class=\"elementor-icon-box-icon\">\n\t\t\t\t<span  class=\"elementor-icon\">\n\t\t\t\t<svg aria-hidden=\"true\" class=\"e-font-icon-svg e-fas-circle\" viewbox=\"0 0 512 512\" xmlns=\"http:\/\/www.w3.org\/2000\/svg\"><path d=\"M256 8C119 8 8 119 8 256s111 248 248 248 248-111 248-248S393 8 256 8z\"><\/path><\/svg>\t\t\t\t<\/span>\n\t\t\t<\/div>\n\t\t\t\n\t\t\t\t\t\t<div class=\"elementor-icon-box-content\">\n\n\t\t\t\t\t\t\t\t\t<h3 class=\"elementor-icon-box-title\">\n\t\t\t\t\t\t<span  >\n\t\t\t\t\t\t\tCertification foresti\u00e8re FSC\t\t\t\t\t\t<\/span>\n\t\t\t\t\t<\/h3>\n\t\t\t\t\n\t\t\t\t\t\t\t\t\t<p class=\"elementor-icon-box-description\">\n\t\t\t\t\t\t garantit une d\u00e9forestation z\u00e9ro, prot\u00e8ge les droits des travailleurs et d\u00e9fend les int\u00e9r\u00eats des peuples autochtones et des communaut\u00e9s locales dont les moyens de subsistance d\u00e9pendent des for\u00eats.\t\t\t\t\t<\/p>\n\t\t\t\t\n\t\t\t<\/div>\n\t\t\t\n\t\t<\/div>\n\t\t\t\t\t\t<\/div>\n\t\t\t\t<\/div>\n\t\t\t\t\t<\/div>\n\t\t<\/div>\n\t\t\t\t\t<\/div>\n\t\t<\/section>\n\t\t\t\t<\/div>","protected":false},"excerpt":{"rendered":"<p>Comprometidos con nuestro entorno natural Sostenibilidad Comprometidos con nuestro entorno natural Sostenibilidad Desde Pefr\u00e1n se ha puesto en marcha un conjunto de acciones de protecci\u00f3n &hellip;<\/p>\n<p class=\"read-more\"> <a class=\"\" href=\"https:\/\/www.ibericospefran.com\/fr\/sostenibilidad\/\"> <span class=\"screen-reader-text\">D\u00e9veloppement durable<\/span> Lire la suite\u00a0\u00bb<\/a><\/p>","protected":false},"author":1,"featured_media":0,"parent":0,"menu_order":0,"comment_status":"closed","ping_status":"closed","template":"","meta":{"_acf_changed":false,"site-sidebar-layout":"no-sidebar","site-content-layout":"page-builder","ast-global-header-display":"","ast-banner-title-visibility":"","ast-main-header-display":"","ast-hfb-above-header-display":"","ast-hfb-below-header-display":"","ast-hfb-mobile-header-display":"","site-post-title":"disabled","ast-breadcrumbs-content":"","ast-featured-img":"disabled","footer-sml-layout":"","theme-transparent-header-meta":"","adv-header-id-meta":"","stick-header-meta":"","header-above-stick-meta":"","header-main-stick-meta":"","header-below-stick-meta":"","footnotes":""},"class_list":["post-311","page","type-page","status-publish","hentry"],"acf":[],"yoast_head":"<!-- This site is optimized with the Yoast SEO plugin v21.8 - https:\/\/yoast.com\/wordpress\/plugins\/seo\/ -->\n<title>Sostenibilidad - Pefran<\/title>\n<meta name=\"robots\" content=\"index, follow, max-snippet:-1, max-image-preview:large, max-video-preview:-1\" \/>\n<link rel=\"canonical\" href=\"https:\/\/www.ibericospefran.com\/fr\/sostenibilidad\/\" \/>\n<meta property=\"og:locale\" content=\"fr_FR\" \/>\n<meta property=\"og:type\" content=\"article\" \/>\n<meta property=\"og:title\" content=\"Sostenibilidad - Pefran\" \/>\n<meta property=\"og:description\" content=\"Comprometidos con nuestro entorno natural Sostenibilidad Comprometidos con nuestro entorno natural Sostenibilidad Desde Pefr\u00e1n se ha puesto en marcha un conjunto de acciones de protecci\u00f3n &hellip; Sostenibilidad Lire la suite\u00a0\u00bb\" \/>\n<meta property=\"og:url\" content=\"https:\/\/www.ibericospefran.com\/fr\/sostenibilidad\/\" \/>\n<meta property=\"og:site_name\" content=\"Pefran\" \/>\n<meta property=\"article:publisher\" content=\"https:\/\/www.facebook.com\/ibericospefran\" \/>\n<meta property=\"article:modified_time\" content=\"2023-04-12T08:27:21+00:00\" \/>\n<meta property=\"og:image\" content=\"https:\/\/www.ibericospefran.com\/wp-content\/uploads\/2023\/02\/icono-sostenible_2.png\" \/>\n<meta name=\"twitter:card\" content=\"summary_large_image\" \/>\n<meta name=\"twitter:label1\" content=\"Dur\u00e9e de lecture estim\u00e9e\" \/>\n\t<meta name=\"twitter:data1\" content=\"2 minutes\" \/>\n<script type=\"application\/ld+json\" class=\"yoast-schema-graph\">{\"@context\":\"https:\/\/schema.org\",\"@graph\":[{\"@type\":\"WebPage\",\"@id\":\"https:\/\/www.ibericospefran.com\/sostenibilidad\/\",\"url\":\"https:\/\/www.ibericospefran.com\/sostenibilidad\/\",\"name\":\"Sostenibilidad - Pefran\",\"isPartOf\":{\"@id\":\"https:\/\/www.ibericospefran.com\/#website\"},\"datePublished\":\"2022-11-04T06:25:53+00:00\",\"dateModified\":\"2023-04-12T08:27:21+00:00\",\"breadcrumb\":{\"@id\":\"https:\/\/www.ibericospefran.com\/sostenibilidad\/#breadcrumb\"},\"inLanguage\":\"fr-FR\",\"potentialAction\":[{\"@type\":\"ReadAction\",\"target\":[\"https:\/\/www.ibericospefran.com\/sostenibilidad\/\"]}]},{\"@type\":\"BreadcrumbList\",\"@id\":\"https:\/\/www.ibericospefran.com\/sostenibilidad\/#breadcrumb\",\"itemListElement\":[{\"@type\":\"ListItem\",\"position\":1,\"name\":\"Portada\",\"item\":\"https:\/\/www.ibericospefran.com\/\"},{\"@type\":\"ListItem\",\"position\":2,\"name\":\"Sostenibilidad\"}]},{\"@type\":\"WebSite\",\"@id\":\"https:\/\/www.ibericospefran.com\/#website\",\"url\":\"https:\/\/www.ibericospefran.com\/\",\"name\":\"Ib\u00e9ricos Pefr\u00e1n\",\"description\":\"Embutidos ib\u00e9ricos\",\"publisher\":{\"@id\":\"https:\/\/www.ibericospefran.com\/#organization\"},\"potentialAction\":[{\"@type\":\"SearchAction\",\"target\":{\"@type\":\"EntryPoint\",\"urlTemplate\":\"https:\/\/www.ibericospefran.com\/?s={search_term_string}\"},\"query-input\":\"required name=search_term_string\"}],\"inLanguage\":\"fr-FR\"},{\"@type\":\"Organization\",\"@id\":\"https:\/\/www.ibericospefran.com\/#organization\",\"name\":\"Ib\u00e9ricos Pefr\u00e1n\",\"url\":\"https:\/\/www.ibericospefran.com\/\",\"logo\":{\"@type\":\"ImageObject\",\"inLanguage\":\"fr-FR\",\"@id\":\"https:\/\/www.ibericospefran.com\/#\/schema\/logo\/image\/\",\"url\":\"https:\/\/www.ibericospefran.com\/wp-content\/uploads\/2022\/11\/Logo_PEFRAN_naturalmente.svg\",\"contentUrl\":\"https:\/\/www.ibericospefran.com\/wp-content\/uploads\/2022\/11\/Logo_PEFRAN_naturalmente.svg\",\"width\":100,\"height\":100,\"caption\":\"Ib\u00e9ricos Pefr\u00e1n\"},\"image\":{\"@id\":\"https:\/\/www.ibericospefran.com\/#\/schema\/logo\/image\/\"},\"sameAs\":[\"https:\/\/www.facebook.com\/ibericospefran\",\"https:\/\/www.linkedin.com\/company\/ibericos-pefran\",\"https:\/\/www.instagram.com\/ibericospefran\/\"]}]}<\/script>\n<!-- \/ Yoast SEO plugin. -->","yoast_head_json":{"title":"Sostenibilidad - Pefran","robots":{"index":"index","follow":"follow","max-snippet":"max-snippet:-1","max-image-preview":"max-image-preview:large","max-video-preview":"max-video-preview:-1"},"canonical":"https:\/\/www.ibericospefran.com\/fr\/sostenibilidad\/","og_locale":"fr_FR","og_type":"article","og_title":"Sostenibilidad - Pefran","og_description":"Comprometidos con nuestro entorno natural Sostenibilidad Comprometidos con nuestro entorno natural Sostenibilidad Desde Pefr\u00e1n se ha puesto en marcha un conjunto de acciones de protecci\u00f3n &hellip; Sostenibilidad Lire la suite\u00a0\u00bb","og_url":"https:\/\/www.ibericospefran.com\/fr\/sostenibilidad\/","og_site_name":"Pefran","article_publisher":"https:\/\/www.facebook.com\/ibericospefran","article_modified_time":"2023-04-12T08:27:21+00:00","og_image":[{"url":"https:\/\/www.ibericospefran.com\/wp-content\/uploads\/2023\/02\/icono-sostenible_2.png"}],"twitter_card":"summary_large_image","twitter_misc":{"Dur\u00e9e de lecture estim\u00e9e":"2 minutes"},"schema":{"@context":"https:\/\/schema.org","@graph":[{"@type":"WebPage","@id":"https:\/\/www.ibericospefran.com\/sostenibilidad\/","url":"https:\/\/www.ibericospefran.com\/sostenibilidad\/","name":"Sostenibilidad - Pefran","isPartOf":{"@id":"https:\/\/www.ibericospefran.com\/#website"},"datePublished":"2022-11-04T06:25:53+00:00","dateModified":"2023-04-12T08:27:21+00:00","breadcrumb":{"@id":"https:\/\/www.ibericospefran.com\/sostenibilidad\/#breadcrumb"},"inLanguage":"fr-FR","potentialAction":[{"@type":"ReadAction","target":["https:\/\/www.ibericospefran.com\/sostenibilidad\/"]}]},{"@type":"BreadcrumbList","@id":"https:\/\/www.ibericospefran.com\/sostenibilidad\/#breadcrumb","itemListElement":[{"@type":"ListItem","position":1,"name":"Portada","item":"https:\/\/www.ibericospefran.com\/"},{"@type":"ListItem","position":2,"name":"Sostenibilidad"}]},{"@type":"WebSite","@id":"https:\/\/www.ibericospefran.com\/#website","url":"https:\/\/www.ibericospefran.com\/","name":"Ib\u00e9ricos Pefr\u00e1n","description":"Embutidos ib\u00e9ricos","publisher":{"@id":"https:\/\/www.ibericospefran.com\/#organization"},"potentialAction":[{"@type":"SearchAction","target":{"@type":"EntryPoint","urlTemplate":"https:\/\/www.ibericospefran.com\/?s={search_term_string}"},"query-input":"required name=search_term_string"}],"inLanguage":"fr-FR"},{"@type":"Organization","@id":"https:\/\/www.ibericospefran.com\/#organization","name":"Ib\u00e9ricos Pefr\u00e1n","url":"https:\/\/www.ibericospefran.com\/","logo":{"@type":"ImageObject","inLanguage":"fr-FR","@id":"https:\/\/www.ibericospefran.com\/#\/schema\/logo\/image\/","url":"https:\/\/www.ibericospefran.com\/wp-content\/uploads\/2022\/11\/Logo_PEFRAN_naturalmente.svg","contentUrl":"https:\/\/www.ibericospefran.com\/wp-content\/uploads\/2022\/11\/Logo_PEFRAN_naturalmente.svg","width":100,"height":100,"caption":"Ib\u00e9ricos Pefr\u00e1n"},"image":{"@id":"https:\/\/www.ibericospefran.com\/#\/schema\/logo\/image\/"},"sameAs":["https:\/\/www.facebook.com\/ibericospefran","https:\/\/www.linkedin.com\/company\/ibericos-pefran","https:\/\/www.instagram.com\/ibericospefran\/"]}]}},"_links":{"self":[{"href":"https:\/\/www.ibericospefran.com\/fr\/wp-json\/wp\/v2\/pages\/311","targetHints":{"allow":["GET"]}}],"collection":[{"href":"https:\/\/www.ibericospefran.com\/fr\/wp-json\/wp\/v2\/pages"}],"about":[{"href":"https:\/\/www.ibericospefran.com\/fr\/wp-json\/wp\/v2\/types\/page"}],"author":[{"embeddable":true,"href":"https:\/\/www.ibericospefran.com\/fr\/wp-json\/wp\/v2\/users\/1"}],"replies":[{"embeddable":true,"href":"https:\/\/www.ibericospefran.com\/fr\/wp-json\/wp\/v2\/comments?post=311"}],"version-history":[{"count":75,"href":"https:\/\/www.ibericospefran.com\/fr\/wp-json\/wp\/v2\/pages\/311\/revisions"}],"predecessor-version":[{"id":2451,"href":"https:\/\/www.ibericospefran.com\/fr\/wp-json\/wp\/v2\/pages\/311\/revisions\/2451"}],"wp:attachment":[{"href":"https:\/\/www.ibericospefran.com\/fr\/wp-json\/wp\/v2\/media?parent=311"}],"curies":[{"name":"wp","href":"https:\/\/api.w.org\/{rel}","templated":true}]}}