{"id":1377,"date":"2023-02-25T18:03:02","date_gmt":"2023-02-25T17:03:02","guid":{"rendered":"https:\/\/www.ibericospefran.com\/?page_id=1377"},"modified":"2023-03-31T14:12:58","modified_gmt":"2023-03-31T12:12:58","slug":"chorizo-extra-pefran-herencia","status":"publish","type":"page","link":"https:\/\/www.ibericospefran.com\/fr\/nuestra-despensa\/chorizo-extra-pefran-herencia\/","title":{"rendered":"Chorizo extra &#8216;Pefr\u00e1n Herencia&#8217;"},"content":{"rendered":"<div data-elementor-type=\"wp-page\" data-elementor-id=\"1377\" class=\"elementor elementor-1377\" data-elementor-post-type=\"page\">\n\t\t\t\t\t\t<section class=\"elementor-section elementor-top-section elementor-element elementor-element-107c76a elementor-section-boxed elementor-section-height-default elementor-section-height-default\" data-id=\"107c76a\" data-element_type=\"section\" data-e-type=\"section\">\n\t\t\t\t\t\t<div class=\"elementor-container elementor-column-gap-default\">\n\t\t\t\t\t<div class=\"elementor-column elementor-col-100 elementor-top-column elementor-element elementor-element-afa69aa\" data-id=\"afa69aa\" data-element_type=\"column\" data-e-type=\"column\">\n\t\t\t<div class=\"elementor-widget-wrap elementor-element-populated\">\n\t\t\t\t\t\t<div class=\"elementor-element elementor-element-afb6d18 elementor-widget elementor-widget-heading\" data-id=\"afb6d18\" data-element_type=\"widget\" data-e-type=\"widget\" data-widget_type=\"heading.default\">\n\t\t\t\t<div class=\"elementor-widget-container\">\n\t\t\t\t\t<h2 class=\"elementor-heading-title elementor-size-default\">Chorizo extra 'Pefr\u00e1n Herencia'<\/h2>\t\t\t\t<\/div>\n\t\t\t\t<\/div>\n\t\t\t\t<div class=\"elementor-element elementor-element-3726785 elementor-widget elementor-widget-text-editor\" data-id=\"3726785\" data-element_type=\"widget\" data-e-type=\"widget\" data-widget_type=\"text-editor.default\">\n\t\t\t\t<div class=\"elementor-widget-container\">\n\t\t\t\t\t\t\t\t\t<p><span style=\"font-style: inherit; font-weight: inherit; background-color: var(--ast-global-color-5); color: var(--ast-global-color-1);\">(Cebo Extra Ib\u00e9rico)<\/span><\/p>\t\t\t\t\t\t\t\t<\/div>\n\t\t\t\t<\/div>\n\t\t\t\t<div class=\"elementor-element elementor-element-e66dfb5 elementor-widget elementor-widget-text-editor\" data-id=\"e66dfb5\" data-element_type=\"widget\" data-e-type=\"widget\" data-widget_type=\"text-editor.default\">\n\t\t\t\t<div class=\"elementor-widget-container\">\n\t\t\t\t\t\t\t\t\t<p><span style=\"font-style: inherit; font-weight: inherit; background-color: var(--ast-global-color-5); color: var(--ast-global-color-1);\">\u00c9labor\u00e9 avec de la viande maigre ib\u00e9rique de qualit\u00e9 sup\u00e9rieure, du paprika, du sel, de l'ail et de l'origan, selon la m\u00e9thode familiale. Il en r\u00e9sulte un produit d'une saveur et d'un ar\u00f4me in\u00e9gal\u00e9s, capable de remporter des prix internationaux.<\/span><\/p>\t\t\t\t\t\t\t\t<\/div>\n\t\t\t\t<\/div>\n\t\t\t\t\t<\/div>\n\t\t<\/div>\n\t\t\t\t\t<\/div>\n\t\t<\/section>\n\t\t\t\t<section class=\"elementor-section elementor-top-section elementor-element elementor-element-7c5861b4 elementor-section-boxed elementor-section-height-default elementor-section-height-default\" data-id=\"7c5861b4\" data-element_type=\"section\" data-e-type=\"section\">\n\t\t\t\t\t\t<div class=\"elementor-container elementor-column-gap-default\">\n\t\t\t\t\t<div class=\"elementor-column elementor-col-100 elementor-top-column elementor-element elementor-element-23468539\" data-id=\"23468539\" data-element_type=\"column\" data-e-type=\"column\">\n\t\t\t<div class=\"elementor-widget-wrap elementor-element-populated\">\n\t\t\t\t\t\t<section class=\"elementor-section elementor-inner-section elementor-element elementor-element-3725850e elementor-section-boxed elementor-section-height-default elementor-section-height-default\" data-id=\"3725850e\" data-element_type=\"section\" data-e-type=\"section\">\n\t\t\t\t\t\t<div class=\"elementor-container elementor-column-gap-default\">\n\t\t\t\t\t<div class=\"elementor-column elementor-col-16 elementor-inner-column elementor-element elementor-element-29f2f3e6\" data-id=\"29f2f3e6\" data-element_type=\"column\" data-e-type=\"column\">\n\t\t\t<div class=\"elementor-widget-wrap elementor-element-populated\">\n\t\t\t\t\t\t<div class=\"elementor-element elementor-element-ecd7012 elementor-widget elementor-widget-image\" data-id=\"ecd7012\" data-element_type=\"widget\" data-e-type=\"widget\" data-widget_type=\"image.default\">\n\t\t\t\t<div class=\"elementor-widget-container\">\n\t\t\t\t\t\t\t\t\t\t\t\t\t\t\t<img decoding=\"async\" width=\"270\" height=\"90\" src=\"https:\/\/www.ibericospefran.com\/wp-content\/uploads\/2023\/02\/sin-gluten.jpg\" class=\"attachment-large size-large wp-image-1826\" alt=\"\" srcset=\"https:\/\/www.ibericospefran.com\/wp-content\/uploads\/2023\/02\/sin-gluten.jpg 270w, https:\/\/www.ibericospefran.com\/wp-content\/uploads\/2023\/02\/sin-gluten-18x6.jpg 18w\" sizes=\"(max-width: 270px) 100vw, 270px\" \/>\t\t\t\t\t\t\t\t\t\t\t\t\t\t\t<\/div>\n\t\t\t\t<\/div>\n\t\t\t\t\t<\/div>\n\t\t<\/div>\n\t\t\t\t<div class=\"elementor-column elementor-col-16 elementor-inner-column elementor-element elementor-element-715d8ea3\" data-id=\"715d8ea3\" data-element_type=\"column\" data-e-type=\"column\">\n\t\t\t<div class=\"elementor-widget-wrap elementor-element-populated\">\n\t\t\t\t\t\t<div class=\"elementor-element elementor-element-2ec31766 elementor-widget elementor-widget-image\" data-id=\"2ec31766\" data-element_type=\"widget\" data-e-type=\"widget\" data-widget_type=\"image.default\">\n\t\t\t\t<div class=\"elementor-widget-container\">\n\t\t\t\t\t\t\t\t\t\t\t\t\t\t\t<img decoding=\"async\" width=\"270\" height=\"90\" src=\"https:\/\/www.ibericospefran.com\/wp-content\/uploads\/2023\/02\/sin-lactosa.jpg\" class=\"attachment-large size-large wp-image-1827\" alt=\"\" srcset=\"https:\/\/www.ibericospefran.com\/wp-content\/uploads\/2023\/02\/sin-lactosa.jpg 270w, https:\/\/www.ibericospefran.com\/wp-content\/uploads\/2023\/02\/sin-lactosa-18x6.jpg 18w\" sizes=\"(max-width: 270px) 100vw, 270px\" \/>\t\t\t\t\t\t\t\t\t\t\t\t\t\t\t<\/div>\n\t\t\t\t<\/div>\n\t\t\t\t\t<\/div>\n\t\t<\/div>\n\t\t\t\t<div class=\"elementor-column elementor-col-16 elementor-inner-column elementor-element elementor-element-472cbce7\" data-id=\"472cbce7\" data-element_type=\"column\" data-e-type=\"column\">\n\t\t\t<div class=\"elementor-widget-wrap elementor-element-populated\">\n\t\t\t\t\t\t<div class=\"elementor-element elementor-element-7b11af4d elementor-widget elementor-widget-image\" data-id=\"7b11af4d\" data-element_type=\"widget\" data-e-type=\"widget\" data-widget_type=\"image.default\">\n\t\t\t\t<div class=\"elementor-widget-container\">\n\t\t\t\t\t\t\t\t\t\t\t\t\t\t\t<img decoding=\"async\" width=\"270\" height=\"90\" src=\"https:\/\/www.ibericospefran.com\/wp-content\/uploads\/2023\/02\/sin-colorantes.jpg\" class=\"attachment-large size-large wp-image-1825\" alt=\"\" srcset=\"https:\/\/www.ibericospefran.com\/wp-content\/uploads\/2023\/02\/sin-colorantes.jpg 270w, https:\/\/www.ibericospefran.com\/wp-content\/uploads\/2023\/02\/sin-colorantes-18x6.jpg 18w\" sizes=\"(max-width: 270px) 100vw, 270px\" \/>\t\t\t\t\t\t\t\t\t\t\t\t\t\t\t<\/div>\n\t\t\t\t<\/div>\n\t\t\t\t\t<\/div>\n\t\t<\/div>\n\t\t\t\t<div class=\"elementor-column elementor-col-16 elementor-inner-column elementor-element elementor-element-7fe07285\" data-id=\"7fe07285\" data-element_type=\"column\" data-e-type=\"column\">\n\t\t\t<div class=\"elementor-widget-wrap elementor-element-populated\">\n\t\t\t\t\t\t<div class=\"elementor-element elementor-element-259b03a8 elementor-widget elementor-widget-image\" data-id=\"259b03a8\" data-element_type=\"widget\" data-e-type=\"widget\" data-widget_type=\"image.default\">\n\t\t\t\t<div class=\"elementor-widget-container\">\n\t\t\t\t\t\t\t\t\t\t\t\t\t\t\t<img loading=\"lazy\" decoding=\"async\" width=\"270\" height=\"90\" src=\"https:\/\/www.ibericospefran.com\/wp-content\/uploads\/2023\/02\/con-aceite-de-oliva-2.jpg\" class=\"attachment-large size-large wp-image-1873\" alt=\"\" srcset=\"https:\/\/www.ibericospefran.com\/wp-content\/uploads\/2023\/02\/con-aceite-de-oliva-2.jpg 270w, https:\/\/www.ibericospefran.com\/wp-content\/uploads\/2023\/02\/con-aceite-de-oliva-2-18x6.jpg 18w\" sizes=\"(max-width: 270px) 100vw, 270px\" \/>\t\t\t\t\t\t\t\t\t\t\t\t\t\t\t<\/div>\n\t\t\t\t<\/div>\n\t\t\t\t\t<\/div>\n\t\t<\/div>\n\t\t\t\t<div class=\"elementor-column elementor-col-16 elementor-inner-column elementor-element elementor-element-5c253615\" data-id=\"5c253615\" data-element_type=\"column\" data-e-type=\"column\">\n\t\t\t<div class=\"elementor-widget-wrap elementor-element-populated\">\n\t\t\t\t\t\t<div class=\"elementor-element elementor-element-4dd28de elementor-widget elementor-widget-image\" data-id=\"4dd28de\" data-element_type=\"widget\" data-e-type=\"widget\" data-widget_type=\"image.default\">\n\t\t\t\t<div class=\"elementor-widget-container\">\n\t\t\t\t\t\t\t\t\t\t\t\t\t\t\t<img loading=\"lazy\" decoding=\"async\" width=\"150\" height=\"84\" src=\"https:\/\/www.ibericospefran.com\/wp-content\/uploads\/2022\/11\/img_great_taste_2012.jpeg\" class=\"attachment-full size-full wp-image-406\" alt=\"\" \/>\t\t\t\t\t\t\t\t\t\t\t\t\t\t\t<\/div>\n\t\t\t\t<\/div>\n\t\t\t\t\t<\/div>\n\t\t<\/div>\n\t\t\t\t<div class=\"elementor-column elementor-col-16 elementor-inner-column elementor-element elementor-element-cc79758\" data-id=\"cc79758\" data-element_type=\"column\" data-e-type=\"column\">\n\t\t\t<div class=\"elementor-widget-wrap elementor-element-populated\">\n\t\t\t\t\t\t<div class=\"elementor-element elementor-element-c8f4b9a elementor-widget elementor-widget-image\" data-id=\"c8f4b9a\" data-element_type=\"widget\" data-e-type=\"widget\" data-widget_type=\"image.default\">\n\t\t\t\t<div class=\"elementor-widget-container\">\n\t\t\t\t\t\t\t\t\t\t\t\t\t\t\t<img loading=\"lazy\" decoding=\"async\" width=\"151\" height=\"84\" src=\"https:\/\/www.ibericospefran.com\/wp-content\/uploads\/2022\/11\/2013-img_great_taste_2013.jpg\" class=\"attachment-full size-full wp-image-489\" alt=\"\" \/>\t\t\t\t\t\t\t\t\t\t\t\t\t\t\t<\/div>\n\t\t\t\t<\/div>\n\t\t\t\t\t<\/div>\n\t\t<\/div>\n\t\t\t\t\t<\/div>\n\t\t<\/section>\n\t\t\t\t\t<\/div>\n\t\t<\/div>\n\t\t\t\t\t<\/div>\n\t\t<\/section>\n\t\t\t\t<section class=\"elementor-section elementor-top-section elementor-element elementor-element-85a1127 elementor-section-boxed elementor-section-height-default elementor-section-height-default\" data-id=\"85a1127\" data-element_type=\"section\" data-e-type=\"section\">\n\t\t\t\t\t\t<div class=\"elementor-container elementor-column-gap-default\">\n\t\t\t\t\t<div class=\"elementor-column elementor-col-100 elementor-top-column elementor-element elementor-element-f1514ab\" data-id=\"f1514ab\" data-element_type=\"column\" data-e-type=\"column\">\n\t\t\t<div class=\"elementor-widget-wrap elementor-element-populated\">\n\t\t\t\t\t\t<div class=\"elementor-element elementor-element-5dec35d uael-woo-mobile--align-center uael-woo--align-left uael-sale-flash-circle uael-featured-flash-circle elementor-widget elementor-widget-uael-woo-products\" data-id=\"5dec35d\" data-element_type=\"widget\" data-e-type=\"widget\" data-settings=\"{&quot;products_columns&quot;:&quot;4&quot;,&quot;products_columns_tablet&quot;:&quot;3&quot;,&quot;products_columns_mobile&quot;:&quot;1&quot;}\" data-widget_type=\"uael-woo-products.grid-default\">\n\t\t\t\t<div class=\"elementor-widget-container\">\n\t\t\t\t\t<div class=\"uael-woocommerce uael-woo-products-grid uael-woo-skin-grid-default uael-woo-query-manual\" data-page=\"1377\" data-skin=\"grid_default\"><div class=\"columns-4 uael-woo-products-inner uael-woo-product__column-4 uael-woo-product__column-tablet-3 uael-woo-product__column-mobile-1 uael-woo-product__hover-swap\"><ul class=\"products columns-4\">\n\n<li class=\"embutidos ib\u00e9ricos pefr\u00e1n herencia post-958 product first instock taxable shipping-taxable purchasable product-type-simple\">\n\t<div class=\"uael-woo-product-wrapper\">\n\t\t<div class=\"uael-woo-products-thumbnail-wrap\"><div class=\"uael-flash-container\"><\/div><a href=\"https:\/\/www.ibericospefran.com\/fr\/iberico\/chorizo-cular-extra-iberico-2\/\" class=\"woocommerce-LoopProduct-link woocommerce-loop-product__link\"><img loading=\"lazy\" decoding=\"async\" width=\"300\" height=\"300\" src=\"https:\/\/www.ibericospefran.com\/wp-content\/uploads\/2023\/02\/CHORIZO-PEFRAN-HERENCIA-CULAR-VACIO-ok-1-300x300.png\" class=\"attachment-woocommerce_thumbnail size-woocommerce_thumbnail\" alt=\"CHORIZO-PEFRAN-HERENCIA-CULAR-VACIO-ok\" srcset=\"https:\/\/www.ibericospefran.com\/wp-content\/uploads\/2023\/02\/CHORIZO-PEFRAN-HERENCIA-CULAR-VACIO-ok-1-300x300.png 300w, https:\/\/www.ibericospefran.com\/wp-content\/uploads\/2023\/02\/CHORIZO-PEFRAN-HERENCIA-CULAR-VACIO-ok-1-1024x1024.png 1024w, https:\/\/www.ibericospefran.com\/wp-content\/uploads\/2023\/02\/CHORIZO-PEFRAN-HERENCIA-CULAR-VACIO-ok-1-150x150.png 150w, https:\/\/www.ibericospefran.com\/wp-content\/uploads\/2023\/02\/CHORIZO-PEFRAN-HERENCIA-CULAR-VACIO-ok-1-768x768.png 768w, https:\/\/www.ibericospefran.com\/wp-content\/uploads\/2023\/02\/CHORIZO-PEFRAN-HERENCIA-CULAR-VACIO-ok-1-12x12.png 12w, https:\/\/www.ibericospefran.com\/wp-content\/uploads\/2023\/02\/CHORIZO-PEFRAN-HERENCIA-CULAR-VACIO-ok-1-600x600.png 600w, https:\/\/www.ibericospefran.com\/wp-content\/uploads\/2023\/02\/CHORIZO-PEFRAN-HERENCIA-CULAR-VACIO-ok-1-100x100.png 100w, https:\/\/www.ibericospefran.com\/wp-content\/uploads\/2023\/02\/CHORIZO-PEFRAN-HERENCIA-CULAR-VACIO-ok-1.png 1200w\" sizes=\"(max-width: 300px) 100vw, 300px\" \/><img loading=\"lazy\" decoding=\"async\" width=\"1200\" height=\"1200\" src=\"https:\/\/www.ibericospefran.com\/wp-content\/uploads\/2023\/02\/CHORIZO-PEFRAN-HERENCIA-CULAR-VACIO-ok-2.png\" class=\"uael-show-on-hover\" alt=\"CHORIZO-PEFRAN-HERENCIA-CULAR-VACIO-ok\" \/><\/a><\/div><div class=\"uael-woo-products-summary-wrap\">\t\t\t<span class=\"uael-woo-product-category\">\n\t\t\t\tEmbutidos ib\u00e9ricos\t\t\t<\/span> \n\t\t\t<a href=\"https:\/\/www.ibericospefran.com\/fr\/iberico\/chorizo-cular-extra-iberico-2\/\" class=\"uael-loop-product__link\"><h2 class=\"woocommerce-loop-product__title\">Chorizo Cular &#8216;Pefr\u00e1n Herencia&#8217;<\/h2><\/a><\/div>\t<\/div>\n<\/li>\n\n<li class=\"embutidos ib\u00e9ricos pefr\u00e1n herencia post-949 product  instock taxable shipping-taxable purchasable product-type-simple\">\n\t<div class=\"uael-woo-product-wrapper\">\n\t\t<div class=\"uael-woo-products-thumbnail-wrap\"><div class=\"uael-flash-container\"><\/div><a href=\"https:\/\/www.ibericospefran.com\/fr\/iberico\/chorizo-sarta-extra-iberico\/\" class=\"woocommerce-LoopProduct-link woocommerce-loop-product__link\"><img loading=\"lazy\" decoding=\"async\" width=\"300\" height=\"300\" src=\"https:\/\/www.ibericospefran.com\/wp-content\/uploads\/2023\/02\/CHORIZO-SARTA-HERENCIA-VACIO-OK-300x300.png\" class=\"attachment-woocommerce_thumbnail size-woocommerce_thumbnail\" alt=\"CHORIZO-SARTA-HERENCIA-VACIO-OK\" srcset=\"https:\/\/www.ibericospefran.com\/wp-content\/uploads\/2023\/02\/CHORIZO-SARTA-HERENCIA-VACIO-OK-300x300.png 300w, https:\/\/www.ibericospefran.com\/wp-content\/uploads\/2023\/02\/CHORIZO-SARTA-HERENCIA-VACIO-OK-1024x1024.png 1024w, https:\/\/www.ibericospefran.com\/wp-content\/uploads\/2023\/02\/CHORIZO-SARTA-HERENCIA-VACIO-OK-150x150.png 150w, https:\/\/www.ibericospefran.com\/wp-content\/uploads\/2023\/02\/CHORIZO-SARTA-HERENCIA-VACIO-OK-768x768.png 768w, https:\/\/www.ibericospefran.com\/wp-content\/uploads\/2023\/02\/CHORIZO-SARTA-HERENCIA-VACIO-OK-12x12.png 12w, https:\/\/www.ibericospefran.com\/wp-content\/uploads\/2023\/02\/CHORIZO-SARTA-HERENCIA-VACIO-OK-600x600.png 600w, https:\/\/www.ibericospefran.com\/wp-content\/uploads\/2023\/02\/CHORIZO-SARTA-HERENCIA-VACIO-OK-100x100.png 100w, https:\/\/www.ibericospefran.com\/wp-content\/uploads\/2023\/02\/CHORIZO-SARTA-HERENCIA-VACIO-OK.png 1200w\" sizes=\"(max-width: 300px) 100vw, 300px\" \/><\/a><\/div><div class=\"uael-woo-products-summary-wrap\">\t\t\t<span class=\"uael-woo-product-category\">\n\t\t\t\tEmbutidos ib\u00e9ricos\t\t\t<\/span> \n\t\t\t<a href=\"https:\/\/www.ibericospefran.com\/fr\/iberico\/chorizo-sarta-extra-iberico\/\" class=\"uael-loop-product__link\"><h2 class=\"woocommerce-loop-product__title\">Chorizo Sarta &#8216;Pefr\u00e1n Herencia&#8217;<\/h2><\/a><\/div>\t<\/div>\n<\/li>\n\n<li class=\"embutidos ib\u00e9ricos post-948 product  instock taxable shipping-taxable purchasable product-type-simple\">\n\t<div class=\"uael-woo-product-wrapper\">\n\t\t<div class=\"uael-woo-products-thumbnail-wrap\"><div class=\"uael-flash-container\"><\/div><a href=\"https:\/\/www.ibericospefran.com\/fr\/iberico\/chorizo-vela-extra-iberico\/\" class=\"woocommerce-LoopProduct-link woocommerce-loop-product__link\"><img loading=\"lazy\" decoding=\"async\" width=\"300\" height=\"300\" src=\"https:\/\/www.ibericospefran.com\/wp-content\/uploads\/2023\/02\/CHORIZO-VELA-HERENCIA-VACIO-OK-1-300x300.png\" class=\"attachment-woocommerce_thumbnail size-woocommerce_thumbnail\" alt=\"CHORIZO VELA HERENCIA VACIO\" srcset=\"https:\/\/www.ibericospefran.com\/wp-content\/uploads\/2023\/02\/CHORIZO-VELA-HERENCIA-VACIO-OK-1-300x300.png 300w, https:\/\/www.ibericospefran.com\/wp-content\/uploads\/2023\/02\/CHORIZO-VELA-HERENCIA-VACIO-OK-1-1024x1024.png 1024w, https:\/\/www.ibericospefran.com\/wp-content\/uploads\/2023\/02\/CHORIZO-VELA-HERENCIA-VACIO-OK-1-150x150.png 150w, https:\/\/www.ibericospefran.com\/wp-content\/uploads\/2023\/02\/CHORIZO-VELA-HERENCIA-VACIO-OK-1-768x768.png 768w, https:\/\/www.ibericospefran.com\/wp-content\/uploads\/2023\/02\/CHORIZO-VELA-HERENCIA-VACIO-OK-1-12x12.png 12w, https:\/\/www.ibericospefran.com\/wp-content\/uploads\/2023\/02\/CHORIZO-VELA-HERENCIA-VACIO-OK-1-600x600.png 600w, https:\/\/www.ibericospefran.com\/wp-content\/uploads\/2023\/02\/CHORIZO-VELA-HERENCIA-VACIO-OK-1-100x100.png 100w, https:\/\/www.ibericospefran.com\/wp-content\/uploads\/2023\/02\/CHORIZO-VELA-HERENCIA-VACIO-OK-1.png 1200w\" sizes=\"(max-width: 300px) 100vw, 300px\" \/><img loading=\"lazy\" decoding=\"async\" width=\"1200\" height=\"1200\" src=\"https:\/\/www.ibericospefran.com\/wp-content\/uploads\/2023\/02\/CHORIZO-VELA-HERENCIA-VACIO-OK-2.png\" class=\"uael-show-on-hover\" alt=\"CHORIZO VELA HERENCIA VACIO\" \/><\/a><\/div><div class=\"uael-woo-products-summary-wrap\">\t\t\t<span class=\"uael-woo-product-category\">\n\t\t\t\tEmbutidos ib\u00e9ricos\t\t\t<\/span> \n\t\t\t<a href=\"https:\/\/www.ibericospefran.com\/fr\/iberico\/chorizo-vela-extra-iberico\/\" class=\"uael-loop-product__link\"><h2 class=\"woocommerce-loop-product__title\">Chorizo Vela &#8216;Pefr\u00e1n Herencia&#8217;<\/h2><\/a><\/div>\t<\/div>\n<\/li>\n\n<li class=\"embutidos ib\u00e9ricos pefr\u00e1n herencia post-946 product last instock taxable shipping-taxable purchasable product-type-simple\">\n\t<div class=\"uael-woo-product-wrapper\">\n\t\t<div class=\"uael-woo-products-thumbnail-wrap\"><div class=\"uael-flash-container\"><\/div><a href=\"https:\/\/www.ibericospefran.com\/fr\/iberico\/chorizo-cular-extra-iberico\/\" class=\"woocommerce-LoopProduct-link woocommerce-loop-product__link\"><img loading=\"lazy\" decoding=\"async\" width=\"300\" height=\"300\" src=\"https:\/\/www.ibericospefran.com\/wp-content\/uploads\/2023\/02\/CHORIZO-HERENCIA-LONCHEADO-OK-1-300x300.png\" class=\"attachment-woocommerce_thumbnail size-woocommerce_thumbnail\" alt=\"CHORIZO HERENCIA LONCHEADO OK\" srcset=\"https:\/\/www.ibericospefran.com\/wp-content\/uploads\/2023\/02\/CHORIZO-HERENCIA-LONCHEADO-OK-1-300x300.png 300w, https:\/\/www.ibericospefran.com\/wp-content\/uploads\/2023\/02\/CHORIZO-HERENCIA-LONCHEADO-OK-1-1024x1024.png 1024w, https:\/\/www.ibericospefran.com\/wp-content\/uploads\/2023\/02\/CHORIZO-HERENCIA-LONCHEADO-OK-1-150x150.png 150w, https:\/\/www.ibericospefran.com\/wp-content\/uploads\/2023\/02\/CHORIZO-HERENCIA-LONCHEADO-OK-1-768x768.png 768w, https:\/\/www.ibericospefran.com\/wp-content\/uploads\/2023\/02\/CHORIZO-HERENCIA-LONCHEADO-OK-1-12x12.png 12w, https:\/\/www.ibericospefran.com\/wp-content\/uploads\/2023\/02\/CHORIZO-HERENCIA-LONCHEADO-OK-1-600x600.png 600w, https:\/\/www.ibericospefran.com\/wp-content\/uploads\/2023\/02\/CHORIZO-HERENCIA-LONCHEADO-OK-1-100x100.png 100w, https:\/\/www.ibericospefran.com\/wp-content\/uploads\/2023\/02\/CHORIZO-HERENCIA-LONCHEADO-OK-1.png 1200w\" sizes=\"(max-width: 300px) 100vw, 300px\" \/><img loading=\"lazy\" decoding=\"async\" width=\"1200\" height=\"1200\" src=\"https:\/\/www.ibericospefran.com\/wp-content\/uploads\/2023\/02\/CHORIZO-HERENCIA-LONCHEADO-OK-2.png\" class=\"uael-show-on-hover\" alt=\"CHORIZO HERENCIA LONCHEADO OK\" \/><\/a><\/div><div class=\"uael-woo-products-summary-wrap\">\t\t\t<span class=\"uael-woo-product-category\">\n\t\t\t\tEmbutidos ib\u00e9ricos\t\t\t<\/span> \n\t\t\t<a href=\"https:\/\/www.ibericospefran.com\/fr\/iberico\/chorizo-cular-extra-iberico\/\" class=\"uael-loop-product__link\"><h2 class=\"woocommerce-loop-product__title\">Chorizo Loncheado &#8216;Pefr\u00e1n Herencia&#8217;<\/h2><\/a><\/div>\t<\/div>\n<\/li>\n<\/ul>\n<\/div><\/div>\t\t\t\t<\/div>\n\t\t\t\t<\/div>\n\t\t\t\t\t<\/div>\n\t\t<\/div>\n\t\t\t\t\t<\/div>\n\t\t<\/section>\n\t\t\t\t<\/div>","protected":false},"excerpt":{"rendered":"<p>Chorizo extra &#8216;Pefr\u00e1n Herencia&#8217; (Cebo Extra Ib\u00e9rico) Elaborado con magros ib\u00e9ricos de calidad extra, piment\u00f3n, sal, ajo y or\u00e9gano y siguiendo el m\u00e9todo familiar. As\u00ed &hellip;<\/p>\n<p class=\"read-more\"> <a class=\"\" href=\"https:\/\/www.ibericospefran.com\/fr\/iberico\/chorizo-cular-extra-iberico\/\"> <span class=\"screen-reader-text\">Chorizo Loncheado &#8216;Pefr\u00e1n Herencia&#8217;<\/span> Lire la suite\u00a0\u00bb<\/a><\/p>","protected":false},"author":2,"featured_media":0,"parent":6,"menu_order":0,"comment_status":"closed","ping_status":"closed","template":"","meta":{"_acf_changed":false,"site-sidebar-layout":"no-sidebar","site-content-layout":"page-builder","ast-global-header-display":"","ast-banner-title-visibility":"","ast-main-header-display":"","ast-hfb-above-header-display":"","ast-hfb-below-header-display":"","ast-hfb-mobile-header-display":"","site-post-title":"disabled","ast-breadcrumbs-content":"","ast-featured-img":"disabled","footer-sml-layout":"","theme-transparent-header-meta":"","adv-header-id-meta":"","stick-header-meta":"","header-above-stick-meta":"","header-main-stick-meta":"","header-below-stick-meta":"","footnotes":""},"class_list":["post-1377","page","type-page","status-publish","hentry","desktop-align-center","tablet-align-center","mobile-align-center","ast-product-gallery-layout-vertical","ast-magnify-disabled"],"acf":[],"yoast_head":"<!-- This site is optimized with the Yoast SEO plugin v21.8 - https:\/\/yoast.com\/wordpress\/plugins\/seo\/ -->\n<title>Chorizo extra &#039;Pefr\u00e1n Herencia&#039; - Pefran<\/title>\n<meta name=\"robots\" content=\"index, follow, max-snippet:-1, max-image-preview:large, max-video-preview:-1\" \/>\n<link rel=\"canonical\" href=\"https:\/\/www.ibericospefran.com\/fr\/nuestra-despensa\/chorizo-extra-pefran-herencia\/\" \/>\n<meta property=\"og:locale\" content=\"fr_FR\" \/>\n<meta property=\"og:type\" content=\"article\" \/>\n<meta property=\"og:title\" content=\"Chorizo extra &#039;Pefr\u00e1n Herencia&#039; - Pefran\" \/>\n<meta property=\"og:description\" content=\"Chorizo extra &#8216;Pefr\u00e1n Herencia&#8217; (Cebo Extra Ib\u00e9rico) Elaborado con magros ib\u00e9ricos de calidad extra, piment\u00f3n, sal, ajo y or\u00e9gano y siguiendo el m\u00e9todo familiar. As\u00ed &hellip; Chorizo Loncheado &#8216;Pefr\u00e1n Herencia&#8217; Lire la suite\u00a0\u00bb\" \/>\n<meta property=\"og:url\" content=\"https:\/\/www.ibericospefran.com\/fr\/nuestra-despensa\/chorizo-extra-pefran-herencia\/\" \/>\n<meta property=\"og:site_name\" content=\"Pefran\" \/>\n<meta property=\"article:publisher\" content=\"https:\/\/www.facebook.com\/ibericospefran\" \/>\n<meta property=\"article:modified_time\" content=\"2023-03-31T12:12:58+00:00\" \/>\n<meta property=\"og:image\" content=\"https:\/\/www.ibericospefran.com\/wp-content\/uploads\/2023\/02\/sin-gluten.jpg\" \/>\n<meta name=\"twitter:card\" content=\"summary_large_image\" \/>\n<script type=\"application\/ld+json\" class=\"yoast-schema-graph\">{\"@context\":\"https:\/\/schema.org\",\"@graph\":[{\"@type\":\"WebPage\",\"@id\":\"https:\/\/www.ibericospefran.com\/nuestra-despensa\/chorizo-extra-pefran-herencia\/\",\"url\":\"https:\/\/www.ibericospefran.com\/nuestra-despensa\/chorizo-extra-pefran-herencia\/\",\"name\":\"Chorizo extra 'Pefr\u00e1n Herencia' - Pefran\",\"isPartOf\":{\"@id\":\"https:\/\/www.ibericospefran.com\/#website\"},\"datePublished\":\"2023-02-25T17:03:02+00:00\",\"dateModified\":\"2023-03-31T12:12:58+00:00\",\"breadcrumb\":{\"@id\":\"https:\/\/www.ibericospefran.com\/nuestra-despensa\/chorizo-extra-pefran-herencia\/#breadcrumb\"},\"inLanguage\":\"fr-FR\",\"potentialAction\":[{\"@type\":\"ReadAction\",\"target\":[\"https:\/\/www.ibericospefran.com\/nuestra-despensa\/chorizo-extra-pefran-herencia\/\"]}]},{\"@type\":\"BreadcrumbList\",\"@id\":\"https:\/\/www.ibericospefran.com\/nuestra-despensa\/chorizo-extra-pefran-herencia\/#breadcrumb\",\"itemListElement\":[{\"@type\":\"ListItem\",\"position\":1,\"name\":\"Portada\",\"item\":\"https:\/\/www.ibericospefran.com\/\"},{\"@type\":\"ListItem\",\"position\":2,\"name\":\"Nuestra despensa\",\"item\":\"https:\/\/www.ibericospefran.com\/nuestra-despensa\/\"},{\"@type\":\"ListItem\",\"position\":3,\"name\":\"Chorizo extra &#8216;Pefr\u00e1n Herencia&#8217;\"}]},{\"@type\":\"WebSite\",\"@id\":\"https:\/\/www.ibericospefran.com\/#website\",\"url\":\"https:\/\/www.ibericospefran.com\/\",\"name\":\"Ib\u00e9ricos Pefr\u00e1n\",\"description\":\"Embutidos ib\u00e9ricos\",\"publisher\":{\"@id\":\"https:\/\/www.ibericospefran.com\/#organization\"},\"potentialAction\":[{\"@type\":\"SearchAction\",\"target\":{\"@type\":\"EntryPoint\",\"urlTemplate\":\"https:\/\/www.ibericospefran.com\/?s={search_term_string}\"},\"query-input\":\"required name=search_term_string\"}],\"inLanguage\":\"fr-FR\"},{\"@type\":\"Organization\",\"@id\":\"https:\/\/www.ibericospefran.com\/#organization\",\"name\":\"Ib\u00e9ricos Pefr\u00e1n\",\"url\":\"https:\/\/www.ibericospefran.com\/\",\"logo\":{\"@type\":\"ImageObject\",\"inLanguage\":\"fr-FR\",\"@id\":\"https:\/\/www.ibericospefran.com\/#\/schema\/logo\/image\/\",\"url\":\"https:\/\/www.ibericospefran.com\/wp-content\/uploads\/2022\/11\/Logo_PEFRAN_naturalmente.svg\",\"contentUrl\":\"https:\/\/www.ibericospefran.com\/wp-content\/uploads\/2022\/11\/Logo_PEFRAN_naturalmente.svg\",\"width\":100,\"height\":100,\"caption\":\"Ib\u00e9ricos Pefr\u00e1n\"},\"image\":{\"@id\":\"https:\/\/www.ibericospefran.com\/#\/schema\/logo\/image\/\"},\"sameAs\":[\"https:\/\/www.facebook.com\/ibericospefran\",\"https:\/\/www.linkedin.com\/company\/ibericos-pefran\",\"https:\/\/www.instagram.com\/ibericospefran\/\"]}]}<\/script>\n<!-- \/ Yoast SEO plugin. -->","yoast_head_json":{"title":"Chorizo extra 'Pefr\u00e1n Herencia' - Pefran","robots":{"index":"index","follow":"follow","max-snippet":"max-snippet:-1","max-image-preview":"max-image-preview:large","max-video-preview":"max-video-preview:-1"},"canonical":"https:\/\/www.ibericospefran.com\/fr\/nuestra-despensa\/chorizo-extra-pefran-herencia\/","og_locale":"fr_FR","og_type":"article","og_title":"Chorizo extra 'Pefr\u00e1n Herencia' - Pefran","og_description":"Chorizo extra &#8216;Pefr\u00e1n Herencia&#8217; (Cebo Extra Ib\u00e9rico) Elaborado con magros ib\u00e9ricos de calidad extra, piment\u00f3n, sal, ajo y or\u00e9gano y siguiendo el m\u00e9todo familiar. As\u00ed &hellip; Chorizo Loncheado &#8216;Pefr\u00e1n Herencia&#8217; Lire la suite\u00a0\u00bb","og_url":"https:\/\/www.ibericospefran.com\/fr\/nuestra-despensa\/chorizo-extra-pefran-herencia\/","og_site_name":"Pefran","article_publisher":"https:\/\/www.facebook.com\/ibericospefran","article_modified_time":"2023-03-31T12:12:58+00:00","og_image":[{"url":"https:\/\/www.ibericospefran.com\/wp-content\/uploads\/2023\/02\/sin-gluten.jpg"}],"twitter_card":"summary_large_image","schema":{"@context":"https:\/\/schema.org","@graph":[{"@type":"WebPage","@id":"https:\/\/www.ibericospefran.com\/nuestra-despensa\/chorizo-extra-pefran-herencia\/","url":"https:\/\/www.ibericospefran.com\/nuestra-despensa\/chorizo-extra-pefran-herencia\/","name":"Chorizo extra 'Pefr\u00e1n Herencia' - Pefran","isPartOf":{"@id":"https:\/\/www.ibericospefran.com\/#website"},"datePublished":"2023-02-25T17:03:02+00:00","dateModified":"2023-03-31T12:12:58+00:00","breadcrumb":{"@id":"https:\/\/www.ibericospefran.com\/nuestra-despensa\/chorizo-extra-pefran-herencia\/#breadcrumb"},"inLanguage":"fr-FR","potentialAction":[{"@type":"ReadAction","target":["https:\/\/www.ibericospefran.com\/nuestra-despensa\/chorizo-extra-pefran-herencia\/"]}]},{"@type":"BreadcrumbList","@id":"https:\/\/www.ibericospefran.com\/nuestra-despensa\/chorizo-extra-pefran-herencia\/#breadcrumb","itemListElement":[{"@type":"ListItem","position":1,"name":"Portada","item":"https:\/\/www.ibericospefran.com\/"},{"@type":"ListItem","position":2,"name":"Nuestra despensa","item":"https:\/\/www.ibericospefran.com\/nuestra-despensa\/"},{"@type":"ListItem","position":3,"name":"Chorizo extra &#8216;Pefr\u00e1n Herencia&#8217;"}]},{"@type":"WebSite","@id":"https:\/\/www.ibericospefran.com\/#website","url":"https:\/\/www.ibericospefran.com\/","name":"Ib\u00e9ricos Pefr\u00e1n","description":"Embutidos ib\u00e9ricos","publisher":{"@id":"https:\/\/www.ibericospefran.com\/#organization"},"potentialAction":[{"@type":"SearchAction","target":{"@type":"EntryPoint","urlTemplate":"https:\/\/www.ibericospefran.com\/?s={search_term_string}"},"query-input":"required name=search_term_string"}],"inLanguage":"fr-FR"},{"@type":"Organization","@id":"https:\/\/www.ibericospefran.com\/#organization","name":"Ib\u00e9ricos Pefr\u00e1n","url":"https:\/\/www.ibericospefran.com\/","logo":{"@type":"ImageObject","inLanguage":"fr-FR","@id":"https:\/\/www.ibericospefran.com\/#\/schema\/logo\/image\/","url":"https:\/\/www.ibericospefran.com\/wp-content\/uploads\/2022\/11\/Logo_PEFRAN_naturalmente.svg","contentUrl":"https:\/\/www.ibericospefran.com\/wp-content\/uploads\/2022\/11\/Logo_PEFRAN_naturalmente.svg","width":100,"height":100,"caption":"Ib\u00e9ricos Pefr\u00e1n"},"image":{"@id":"https:\/\/www.ibericospefran.com\/#\/schema\/logo\/image\/"},"sameAs":["https:\/\/www.facebook.com\/ibericospefran","https:\/\/www.linkedin.com\/company\/ibericos-pefran","https:\/\/www.instagram.com\/ibericospefran\/"]}]}},"_links":{"self":[{"href":"https:\/\/www.ibericospefran.com\/fr\/wp-json\/wp\/v2\/pages\/1377","targetHints":{"allow":["GET"]}}],"collection":[{"href":"https:\/\/www.ibericospefran.com\/fr\/wp-json\/wp\/v2\/pages"}],"about":[{"href":"https:\/\/www.ibericospefran.com\/fr\/wp-json\/wp\/v2\/types\/page"}],"author":[{"embeddable":true,"href":"https:\/\/www.ibericospefran.com\/fr\/wp-json\/wp\/v2\/users\/2"}],"replies":[{"embeddable":true,"href":"https:\/\/www.ibericospefran.com\/fr\/wp-json\/wp\/v2\/comments?post=1377"}],"version-history":[{"count":52,"href":"https:\/\/www.ibericospefran.com\/fr\/wp-json\/wp\/v2\/pages\/1377\/revisions"}],"predecessor-version":[{"id":2400,"href":"https:\/\/www.ibericospefran.com\/fr\/wp-json\/wp\/v2\/pages\/1377\/revisions\/2400"}],"up":[{"embeddable":true,"href":"https:\/\/www.ibericospefran.com\/fr\/wp-json\/wp\/v2\/pages\/6"}],"wp:attachment":[{"href":"https:\/\/www.ibericospefran.com\/fr\/wp-json\/wp\/v2\/media?parent=1377"}],"curies":[{"name":"wp","href":"https:\/\/api.w.org\/{rel}","templated":true}]}}