{"id":1302,"date":"2023-02-24T12:19:57","date_gmt":"2023-02-24T11:19:57","guid":{"rendered":"https:\/\/www.ibericospefran.com\/?page_id=1302"},"modified":"2023-02-27T12:12:33","modified_gmt":"2023-02-27T11:12:33","slug":"finca-don-pedro-ibericos","status":"publish","type":"page","link":"https:\/\/www.ibericospefran.com\/fr\/finca-don-pedro-ibericos\/","title":{"rendered":"Finca Don Pedro Ib\u00e9ricos"},"content":{"rendered":"<div data-elementor-type=\"wp-page\" data-elementor-id=\"1302\" class=\"elementor elementor-1302\" data-elementor-post-type=\"page\">\n\t\t\t\t\t\t<section class=\"elementor-section elementor-top-section elementor-element elementor-element-19f1ae1 elementor-section-full_width elementor-section-height-default elementor-section-height-default\" data-id=\"19f1ae1\" data-element_type=\"section\" data-e-type=\"section\" data-settings=\"{&quot;background_background&quot;:&quot;classic&quot;}\">\n\t\t\t\t\t\t<div class=\"elementor-container elementor-column-gap-default\">\n\t\t\t\t\t<div class=\"elementor-column elementor-col-50 elementor-top-column elementor-element elementor-element-6757d88\" data-id=\"6757d88\" data-element_type=\"column\" data-e-type=\"column\">\n\t\t\t<div class=\"elementor-widget-wrap\">\n\t\t\t\t\t\t\t<\/div>\n\t\t<\/div>\n\t\t\t\t<div class=\"elementor-column elementor-col-50 elementor-top-column elementor-element elementor-element-6ca0982\" data-id=\"6ca0982\" data-element_type=\"column\" data-e-type=\"column\">\n\t\t\t<div class=\"elementor-widget-wrap elementor-element-populated\">\n\t\t\t\t\t\t<div class=\"elementor-element elementor-element-6fbaae9 elementor-widget elementor-widget-image\" data-id=\"6fbaae9\" data-element_type=\"widget\" data-e-type=\"widget\" data-widget_type=\"image.default\">\n\t\t\t\t<div class=\"elementor-widget-container\">\n\t\t\t\t\t\t\t\t\t\t\t\t\t\t\t<img fetchpriority=\"high\" decoding=\"async\" width=\"1339\" height=\"922\" src=\"https:\/\/www.ibericospefran.com\/wp-content\/uploads\/2023\/01\/LOGO-FINCA-DON-PEDRO.png\" class=\"attachment-full size-full wp-image-918\" alt=\"\" srcset=\"https:\/\/www.ibericospefran.com\/wp-content\/uploads\/2023\/01\/LOGO-FINCA-DON-PEDRO.png 1339w, https:\/\/www.ibericospefran.com\/wp-content\/uploads\/2023\/01\/LOGO-FINCA-DON-PEDRO-300x207.png 300w, https:\/\/www.ibericospefran.com\/wp-content\/uploads\/2023\/01\/LOGO-FINCA-DON-PEDRO-1024x705.png 1024w, https:\/\/www.ibericospefran.com\/wp-content\/uploads\/2023\/01\/LOGO-FINCA-DON-PEDRO-768x529.png 768w, https:\/\/www.ibericospefran.com\/wp-content\/uploads\/2023\/01\/LOGO-FINCA-DON-PEDRO-600x413.png 600w\" sizes=\"(max-width: 1339px) 100vw, 1339px\" \/>\t\t\t\t\t\t\t\t\t\t\t\t\t\t\t<\/div>\n\t\t\t\t<\/div>\n\t\t\t\t<div class=\"elementor-element elementor-element-cb043c8 elementor-widget elementor-widget-heading\" data-id=\"cb043c8\" data-element_type=\"widget\" data-e-type=\"widget\" data-widget_type=\"heading.default\">\n\t\t\t\t<div class=\"elementor-widget-container\">\n\t\t\t\t\t<h2 class=\"elementor-heading-title elementor-size-default\">Une ligne unique, cr\u00e9\u00e9e avec le plus grand raffinement et la plus grande fiert\u00e9 en hommage au fondateur, <strong>Don Pedro Hern\u00e1ndez.<\/strong><\/h2>\t\t\t\t<\/div>\n\t\t\t\t<\/div>\n\t\t\t\t<div class=\"elementor-element elementor-element-019ea5c elementor-widget elementor-widget-text-editor\" data-id=\"019ea5c\" data-element_type=\"widget\" data-e-type=\"widget\" data-widget_type=\"text-editor.default\">\n\t\t\t\t<div class=\"elementor-widget-container\">\n\t\t\t\t\t\t\t\t\t<p><strong>Chorizo, salchich\u00f3n y ca\u00f1a de lomo<\/strong>, ces produits r\u00e9pondent \u00e0 des normes de qualit\u00e9 \u00e9lev\u00e9es, avec des processus de production d\u00e9velopp\u00e9s depuis plus de 50 ans.<\/p>\t\t\t\t\t\t\t\t<\/div>\n\t\t\t\t<\/div>\n\t\t\t\t\t<\/div>\n\t\t<\/div>\n\t\t\t\t\t<\/div>\n\t\t<\/section>\n\t\t\t\t<\/div>","protected":false},"excerpt":{"rendered":"<p>Una l\u00ednea \u00fanica, creada con el m\u00e1ximo refinamiento y orgullo como homenaje al fundador, Don Pedro Hern\u00e1ndez. Chorizo, salchich\u00f3n y ca\u00f1a de lomo, de bellota &hellip;<\/p>\n<p class=\"read-more\"> <a class=\"\" href=\"https:\/\/www.ibericospefran.com\/fr\/finca-don-pedro-ibericos\/\"> <span class=\"screen-reader-text\">Finca Don Pedro Ib\u00e9ricos<\/span> Lire la suite\u00a0\u00bb<\/a><\/p>","protected":false},"author":1,"featured_media":0,"parent":0,"menu_order":0,"comment_status":"closed","ping_status":"closed","template":"","meta":{"_acf_changed":false,"site-sidebar-layout":"no-sidebar","site-content-layout":"page-builder","ast-global-header-display":"","ast-banner-title-visibility":"","ast-main-header-display":"","ast-hfb-above-header-display":"","ast-hfb-below-header-display":"","ast-hfb-mobile-header-display":"","site-post-title":"disabled","ast-breadcrumbs-content":"","ast-featured-img":"disabled","footer-sml-layout":"","theme-transparent-header-meta":"","adv-header-id-meta":"","stick-header-meta":"","header-above-stick-meta":"","header-main-stick-meta":"","header-below-stick-meta":"","footnotes":""},"class_list":["post-1302","page","type-page","status-publish","hentry"],"acf":[],"yoast_head":"<!-- This site is optimized with the Yoast SEO plugin v21.8 - https:\/\/yoast.com\/wordpress\/plugins\/seo\/ -->\n<title>Finca Don Pedro Ib\u00e9ricos - Pefran<\/title>\n<meta name=\"robots\" content=\"index, follow, max-snippet:-1, max-image-preview:large, max-video-preview:-1\" \/>\n<link rel=\"canonical\" href=\"https:\/\/www.ibericospefran.com\/fr\/finca-don-pedro-ibericos\/\" \/>\n<meta property=\"og:locale\" content=\"fr_FR\" \/>\n<meta property=\"og:type\" content=\"article\" \/>\n<meta property=\"og:title\" content=\"Finca Don Pedro Ib\u00e9ricos - Pefran\" \/>\n<meta property=\"og:description\" content=\"Una l\u00ednea \u00fanica, creada con el m\u00e1ximo refinamiento y orgullo como homenaje al fundador, Don Pedro Hern\u00e1ndez. Chorizo, salchich\u00f3n y ca\u00f1a de lomo, de bellota &hellip; Finca Don Pedro Ib\u00e9ricos Lire la suite\u00a0\u00bb\" \/>\n<meta property=\"og:url\" content=\"https:\/\/www.ibericospefran.com\/fr\/finca-don-pedro-ibericos\/\" \/>\n<meta property=\"og:site_name\" content=\"Pefran\" \/>\n<meta property=\"article:publisher\" content=\"https:\/\/www.facebook.com\/ibericospefran\" \/>\n<meta property=\"article:modified_time\" content=\"2023-02-27T11:12:33+00:00\" \/>\n<meta property=\"og:image\" content=\"https:\/\/www.ibericospefran.com\/wp-content\/uploads\/2023\/01\/LOGO-FINCA-DON-PEDRO.png\" \/>\n<meta name=\"twitter:card\" content=\"summary_large_image\" \/>\n<script type=\"application\/ld+json\" class=\"yoast-schema-graph\">{\"@context\":\"https:\/\/schema.org\",\"@graph\":[{\"@type\":\"WebPage\",\"@id\":\"https:\/\/www.ibericospefran.com\/finca-don-pedro-ibericos\/\",\"url\":\"https:\/\/www.ibericospefran.com\/finca-don-pedro-ibericos\/\",\"name\":\"Finca Don Pedro Ib\u00e9ricos - Pefran\",\"isPartOf\":{\"@id\":\"https:\/\/www.ibericospefran.com\/#website\"},\"datePublished\":\"2023-02-24T11:19:57+00:00\",\"dateModified\":\"2023-02-27T11:12:33+00:00\",\"breadcrumb\":{\"@id\":\"https:\/\/www.ibericospefran.com\/finca-don-pedro-ibericos\/#breadcrumb\"},\"inLanguage\":\"fr-FR\",\"potentialAction\":[{\"@type\":\"ReadAction\",\"target\":[\"https:\/\/www.ibericospefran.com\/finca-don-pedro-ibericos\/\"]}]},{\"@type\":\"BreadcrumbList\",\"@id\":\"https:\/\/www.ibericospefran.com\/finca-don-pedro-ibericos\/#breadcrumb\",\"itemListElement\":[{\"@type\":\"ListItem\",\"position\":1,\"name\":\"Portada\",\"item\":\"https:\/\/www.ibericospefran.com\/\"},{\"@type\":\"ListItem\",\"position\":2,\"name\":\"Finca Don Pedro Ib\u00e9ricos\"}]},{\"@type\":\"WebSite\",\"@id\":\"https:\/\/www.ibericospefran.com\/#website\",\"url\":\"https:\/\/www.ibericospefran.com\/\",\"name\":\"Ib\u00e9ricos Pefr\u00e1n\",\"description\":\"Embutidos ib\u00e9ricos\",\"publisher\":{\"@id\":\"https:\/\/www.ibericospefran.com\/#organization\"},\"potentialAction\":[{\"@type\":\"SearchAction\",\"target\":{\"@type\":\"EntryPoint\",\"urlTemplate\":\"https:\/\/www.ibericospefran.com\/?s={search_term_string}\"},\"query-input\":\"required name=search_term_string\"}],\"inLanguage\":\"fr-FR\"},{\"@type\":\"Organization\",\"@id\":\"https:\/\/www.ibericospefran.com\/#organization\",\"name\":\"Ib\u00e9ricos Pefr\u00e1n\",\"url\":\"https:\/\/www.ibericospefran.com\/\",\"logo\":{\"@type\":\"ImageObject\",\"inLanguage\":\"fr-FR\",\"@id\":\"https:\/\/www.ibericospefran.com\/#\/schema\/logo\/image\/\",\"url\":\"https:\/\/www.ibericospefran.com\/wp-content\/uploads\/2022\/11\/Logo_PEFRAN_naturalmente.svg\",\"contentUrl\":\"https:\/\/www.ibericospefran.com\/wp-content\/uploads\/2022\/11\/Logo_PEFRAN_naturalmente.svg\",\"width\":100,\"height\":100,\"caption\":\"Ib\u00e9ricos Pefr\u00e1n\"},\"image\":{\"@id\":\"https:\/\/www.ibericospefran.com\/#\/schema\/logo\/image\/\"},\"sameAs\":[\"https:\/\/www.facebook.com\/ibericospefran\",\"https:\/\/www.linkedin.com\/company\/ibericos-pefran\",\"https:\/\/www.instagram.com\/ibericospefran\/\"]}]}<\/script>\n<!-- \/ Yoast SEO plugin. -->","yoast_head_json":{"title":"Finca Don Pedro Ib\u00e9ricos - Pefran","robots":{"index":"index","follow":"follow","max-snippet":"max-snippet:-1","max-image-preview":"max-image-preview:large","max-video-preview":"max-video-preview:-1"},"canonical":"https:\/\/www.ibericospefran.com\/fr\/finca-don-pedro-ibericos\/","og_locale":"fr_FR","og_type":"article","og_title":"Finca Don Pedro Ib\u00e9ricos - Pefran","og_description":"Una l\u00ednea \u00fanica, creada con el m\u00e1ximo refinamiento y orgullo como homenaje al fundador, Don Pedro Hern\u00e1ndez. Chorizo, salchich\u00f3n y ca\u00f1a de lomo, de bellota &hellip; Finca Don Pedro Ib\u00e9ricos Lire la suite\u00a0\u00bb","og_url":"https:\/\/www.ibericospefran.com\/fr\/finca-don-pedro-ibericos\/","og_site_name":"Pefran","article_publisher":"https:\/\/www.facebook.com\/ibericospefran","article_modified_time":"2023-02-27T11:12:33+00:00","og_image":[{"url":"https:\/\/www.ibericospefran.com\/wp-content\/uploads\/2023\/01\/LOGO-FINCA-DON-PEDRO.png"}],"twitter_card":"summary_large_image","schema":{"@context":"https:\/\/schema.org","@graph":[{"@type":"WebPage","@id":"https:\/\/www.ibericospefran.com\/finca-don-pedro-ibericos\/","url":"https:\/\/www.ibericospefran.com\/finca-don-pedro-ibericos\/","name":"Finca Don Pedro Ib\u00e9ricos - Pefran","isPartOf":{"@id":"https:\/\/www.ibericospefran.com\/#website"},"datePublished":"2023-02-24T11:19:57+00:00","dateModified":"2023-02-27T11:12:33+00:00","breadcrumb":{"@id":"https:\/\/www.ibericospefran.com\/finca-don-pedro-ibericos\/#breadcrumb"},"inLanguage":"fr-FR","potentialAction":[{"@type":"ReadAction","target":["https:\/\/www.ibericospefran.com\/finca-don-pedro-ibericos\/"]}]},{"@type":"BreadcrumbList","@id":"https:\/\/www.ibericospefran.com\/finca-don-pedro-ibericos\/#breadcrumb","itemListElement":[{"@type":"ListItem","position":1,"name":"Portada","item":"https:\/\/www.ibericospefran.com\/"},{"@type":"ListItem","position":2,"name":"Finca Don Pedro Ib\u00e9ricos"}]},{"@type":"WebSite","@id":"https:\/\/www.ibericospefran.com\/#website","url":"https:\/\/www.ibericospefran.com\/","name":"Ib\u00e9ricos Pefr\u00e1n","description":"Embutidos ib\u00e9ricos","publisher":{"@id":"https:\/\/www.ibericospefran.com\/#organization"},"potentialAction":[{"@type":"SearchAction","target":{"@type":"EntryPoint","urlTemplate":"https:\/\/www.ibericospefran.com\/?s={search_term_string}"},"query-input":"required name=search_term_string"}],"inLanguage":"fr-FR"},{"@type":"Organization","@id":"https:\/\/www.ibericospefran.com\/#organization","name":"Ib\u00e9ricos Pefr\u00e1n","url":"https:\/\/www.ibericospefran.com\/","logo":{"@type":"ImageObject","inLanguage":"fr-FR","@id":"https:\/\/www.ibericospefran.com\/#\/schema\/logo\/image\/","url":"https:\/\/www.ibericospefran.com\/wp-content\/uploads\/2022\/11\/Logo_PEFRAN_naturalmente.svg","contentUrl":"https:\/\/www.ibericospefran.com\/wp-content\/uploads\/2022\/11\/Logo_PEFRAN_naturalmente.svg","width":100,"height":100,"caption":"Ib\u00e9ricos Pefr\u00e1n"},"image":{"@id":"https:\/\/www.ibericospefran.com\/#\/schema\/logo\/image\/"},"sameAs":["https:\/\/www.facebook.com\/ibericospefran","https:\/\/www.linkedin.com\/company\/ibericos-pefran","https:\/\/www.instagram.com\/ibericospefran\/"]}]}},"_links":{"self":[{"href":"https:\/\/www.ibericospefran.com\/fr\/wp-json\/wp\/v2\/pages\/1302","targetHints":{"allow":["GET"]}}],"collection":[{"href":"https:\/\/www.ibericospefran.com\/fr\/wp-json\/wp\/v2\/pages"}],"about":[{"href":"https:\/\/www.ibericospefran.com\/fr\/wp-json\/wp\/v2\/types\/page"}],"author":[{"embeddable":true,"href":"https:\/\/www.ibericospefran.com\/fr\/wp-json\/wp\/v2\/users\/1"}],"replies":[{"embeddable":true,"href":"https:\/\/www.ibericospefran.com\/fr\/wp-json\/wp\/v2\/comments?post=1302"}],"version-history":[{"count":46,"href":"https:\/\/www.ibericospefran.com\/fr\/wp-json\/wp\/v2\/pages\/1302\/revisions"}],"predecessor-version":[{"id":1696,"href":"https:\/\/www.ibericospefran.com\/fr\/wp-json\/wp\/v2\/pages\/1302\/revisions\/1696"}],"wp:attachment":[{"href":"https:\/\/www.ibericospefran.com\/fr\/wp-json\/wp\/v2\/media?parent=1302"}],"curies":[{"name":"wp","href":"https:\/\/api.w.org\/{rel}","templated":true}]}}