{"id":1801,"date":"2023-02-27T18:02:34","date_gmt":"2023-02-27T17:02:34","guid":{"rendered":"https:\/\/www.ibericospefran.com\/?page_id=1801"},"modified":"2023-03-02T09:03:06","modified_gmt":"2023-03-02T08:03:06","slug":"salchichon-pefran-maestro","status":"publish","type":"page","link":"https:\/\/www.ibericospefran.com\/en\/nuestra-despensa\/salchichon-pefran-maestro\/","title":{"rendered":"Salchich\u00f3n &#8216;Pefr\u00e1n Maestro&#8217;"},"content":{"rendered":"<div data-elementor-type=\"wp-page\" data-elementor-id=\"1801\" class=\"elementor elementor-1801\" data-elementor-post-type=\"page\">\n\t\t\t\t\t\t<section class=\"elementor-section elementor-top-section elementor-element elementor-element-107c76a elementor-section-boxed elementor-section-height-default elementor-section-height-default\" data-id=\"107c76a\" data-element_type=\"section\" data-e-type=\"section\">\n\t\t\t\t\t\t<div class=\"elementor-container elementor-column-gap-default\">\n\t\t\t\t\t<div class=\"elementor-column elementor-col-100 elementor-top-column elementor-element elementor-element-afa69aa\" data-id=\"afa69aa\" data-element_type=\"column\" data-e-type=\"column\">\n\t\t\t<div class=\"elementor-widget-wrap elementor-element-populated\">\n\t\t\t\t\t\t<div class=\"elementor-element elementor-element-afb6d18 elementor-widget elementor-widget-heading\" data-id=\"afb6d18\" data-element_type=\"widget\" data-e-type=\"widget\" data-widget_type=\"heading.default\">\n\t\t\t\t<div class=\"elementor-widget-container\">\n\t\t\t\t\t<h2 class=\"elementor-heading-title elementor-size-default\">Salchich\u00f3n 'Pefr\u00e1n Maestro'<\/h2>\t\t\t\t<\/div>\n\t\t\t\t<\/div>\n\t\t\t\t<div class=\"elementor-element elementor-element-3726785 elementor-widget elementor-widget-text-editor\" data-id=\"3726785\" data-element_type=\"widget\" data-e-type=\"widget\" data-widget_type=\"text-editor.default\">\n\t\t\t\t<div class=\"elementor-widget-container\">\n\t\t\t\t\t\t\t\t\t<p>(Salchich\u00f3n cular bellota extra ib\u00e9rico)<\/p>\t\t\t\t\t\t\t\t<\/div>\n\t\t\t\t<\/div>\n\t\t\t\t<div class=\"elementor-element elementor-element-e66dfb5 elementor-widget elementor-widget-text-editor\" data-id=\"e66dfb5\" data-element_type=\"widget\" data-e-type=\"widget\" data-widget_type=\"text-editor.default\">\n\t\t\t\t<div class=\"elementor-widget-container\">\n\t\t\t\t\t\t\t\t\tLike the chorizo, it is made with the best lean acorn-fed Iberian pork and marinated with salt, garlic and pepper using the family method, resulting in a product with an unequalled flavour and aroma to meet the demands of the most select palates.\t\t\t\t\t\t\t\t<\/div>\n\t\t\t\t<\/div>\n\t\t\t\t<section class=\"elementor-section elementor-inner-section elementor-element elementor-element-4894af7 elementor-section-boxed elementor-section-height-default elementor-section-height-default\" data-id=\"4894af7\" data-element_type=\"section\" data-e-type=\"section\">\n\t\t\t\t\t\t<div class=\"elementor-container elementor-column-gap-default\">\n\t\t\t\t\t<div class=\"elementor-column elementor-col-25 elementor-inner-column elementor-element elementor-element-b34e4fc\" data-id=\"b34e4fc\" data-element_type=\"column\" data-e-type=\"column\">\n\t\t\t<div class=\"elementor-widget-wrap elementor-element-populated\">\n\t\t\t\t\t\t<div class=\"elementor-element elementor-element-4fd27fba elementor-widget elementor-widget-image\" data-id=\"4fd27fba\" data-element_type=\"widget\" data-e-type=\"widget\" data-widget_type=\"image.default\">\n\t\t\t\t<div class=\"elementor-widget-container\">\n\t\t\t\t\t\t\t\t\t\t\t\t\t\t\t<img decoding=\"async\" width=\"270\" height=\"90\" src=\"https:\/\/www.ibericospefran.com\/wp-content\/uploads\/2023\/02\/sin-gluten.jpg\" class=\"attachment-large size-large wp-image-1826\" alt=\"\" srcset=\"https:\/\/www.ibericospefran.com\/wp-content\/uploads\/2023\/02\/sin-gluten.jpg 270w, https:\/\/www.ibericospefran.com\/wp-content\/uploads\/2023\/02\/sin-gluten-18x6.jpg 18w\" sizes=\"(max-width: 270px) 100vw, 270px\" \/>\t\t\t\t\t\t\t\t\t\t\t\t\t\t\t<\/div>\n\t\t\t\t<\/div>\n\t\t\t\t\t<\/div>\n\t\t<\/div>\n\t\t\t\t<div class=\"elementor-column elementor-col-25 elementor-inner-column elementor-element elementor-element-85c01cf\" data-id=\"85c01cf\" data-element_type=\"column\" data-e-type=\"column\">\n\t\t\t<div class=\"elementor-widget-wrap elementor-element-populated\">\n\t\t\t\t\t\t<div class=\"elementor-element elementor-element-78800718 elementor-widget elementor-widget-image\" data-id=\"78800718\" data-element_type=\"widget\" data-e-type=\"widget\" data-widget_type=\"image.default\">\n\t\t\t\t<div class=\"elementor-widget-container\">\n\t\t\t\t\t\t\t\t\t\t\t\t\t\t\t<img decoding=\"async\" width=\"270\" height=\"90\" src=\"https:\/\/www.ibericospefran.com\/wp-content\/uploads\/2023\/02\/sin-lactosa.jpg\" class=\"attachment-large size-large wp-image-1827\" alt=\"\" srcset=\"https:\/\/www.ibericospefran.com\/wp-content\/uploads\/2023\/02\/sin-lactosa.jpg 270w, https:\/\/www.ibericospefran.com\/wp-content\/uploads\/2023\/02\/sin-lactosa-18x6.jpg 18w\" sizes=\"(max-width: 270px) 100vw, 270px\" \/>\t\t\t\t\t\t\t\t\t\t\t\t\t\t\t<\/div>\n\t\t\t\t<\/div>\n\t\t\t\t\t<\/div>\n\t\t<\/div>\n\t\t\t\t<div class=\"elementor-column elementor-col-25 elementor-inner-column elementor-element elementor-element-b9418c4\" data-id=\"b9418c4\" data-element_type=\"column\" data-e-type=\"column\">\n\t\t\t<div class=\"elementor-widget-wrap elementor-element-populated\">\n\t\t\t\t\t\t<div class=\"elementor-element elementor-element-4dbcc54 elementor-widget elementor-widget-image\" data-id=\"4dbcc54\" data-element_type=\"widget\" data-e-type=\"widget\" data-widget_type=\"image.default\">\n\t\t\t\t<div class=\"elementor-widget-container\">\n\t\t\t\t\t\t\t\t\t\t\t\t\t\t\t<img decoding=\"async\" width=\"270\" height=\"90\" src=\"https:\/\/www.ibericospefran.com\/wp-content\/uploads\/2023\/02\/logo-alergenos.jpg\" class=\"attachment-large size-large wp-image-1992\" alt=\"\" srcset=\"https:\/\/www.ibericospefran.com\/wp-content\/uploads\/2023\/02\/logo-alergenos.jpg 270w, https:\/\/www.ibericospefran.com\/wp-content\/uploads\/2023\/02\/logo-alergenos-18x6.jpg 18w\" sizes=\"(max-width: 270px) 100vw, 270px\" \/>\t\t\t\t\t\t\t\t\t\t\t\t\t\t\t<\/div>\n\t\t\t\t<\/div>\n\t\t\t\t\t<\/div>\n\t\t<\/div>\n\t\t\t\t<div class=\"elementor-column elementor-col-25 elementor-inner-column elementor-element elementor-element-d99b491\" data-id=\"d99b491\" data-element_type=\"column\" data-e-type=\"column\">\n\t\t\t<div class=\"elementor-widget-wrap elementor-element-populated\">\n\t\t\t\t\t\t<div class=\"elementor-element elementor-element-42b42914 elementor-widget elementor-widget-image\" data-id=\"42b42914\" data-element_type=\"widget\" data-e-type=\"widget\" data-widget_type=\"image.default\">\n\t\t\t\t<div class=\"elementor-widget-container\">\n\t\t\t\t\t\t\t\t\t\t\t\t\t\t\t<img loading=\"lazy\" decoding=\"async\" width=\"270\" height=\"90\" src=\"https:\/\/www.ibericospefran.com\/wp-content\/uploads\/2023\/02\/con-aceite-de-oliva-2.jpg\" class=\"attachment-large size-large wp-image-1873\" alt=\"\" srcset=\"https:\/\/www.ibericospefran.com\/wp-content\/uploads\/2023\/02\/con-aceite-de-oliva-2.jpg 270w, https:\/\/www.ibericospefran.com\/wp-content\/uploads\/2023\/02\/con-aceite-de-oliva-2-18x6.jpg 18w\" sizes=\"(max-width: 270px) 100vw, 270px\" \/>\t\t\t\t\t\t\t\t\t\t\t\t\t\t\t<\/div>\n\t\t\t\t<\/div>\n\t\t\t\t\t<\/div>\n\t\t<\/div>\n\t\t\t\t\t<\/div>\n\t\t<\/section>\n\t\t\t\t\t<\/div>\n\t\t<\/div>\n\t\t\t\t\t<\/div>\n\t\t<\/section>\n\t\t\t\t<section class=\"elementor-section elementor-top-section elementor-element elementor-element-4cdd1d7 elementor-section-boxed elementor-section-height-default elementor-section-height-default\" data-id=\"4cdd1d7\" data-element_type=\"section\" data-e-type=\"section\">\n\t\t\t\t\t\t<div class=\"elementor-container elementor-column-gap-default\">\n\t\t\t\t\t<div class=\"elementor-column elementor-col-33 elementor-top-column elementor-element elementor-element-786c335 elementor-hidden-mobile\" data-id=\"786c335\" data-element_type=\"column\" data-e-type=\"column\">\n\t\t\t<div class=\"elementor-widget-wrap\">\n\t\t\t\t\t\t\t<\/div>\n\t\t<\/div>\n\t\t\t\t<div class=\"elementor-column elementor-col-33 elementor-top-column elementor-element elementor-element-7a44abb\" data-id=\"7a44abb\" data-element_type=\"column\" data-e-type=\"column\">\n\t\t\t<div class=\"elementor-widget-wrap elementor-element-populated\">\n\t\t\t\t\t\t<div class=\"elementor-element elementor-element-5dec35d uael-woo--align-center uael-sale-flash-circle uael-featured-flash-circle elementor-widget elementor-widget-uael-woo-products\" data-id=\"5dec35d\" data-element_type=\"widget\" data-e-type=\"widget\" data-settings=\"{&quot;products_columns&quot;:&quot;1&quot;,&quot;products_columns_tablet&quot;:&quot;3&quot;,&quot;products_columns_mobile&quot;:&quot;1&quot;}\" data-widget_type=\"uael-woo-products.grid-default\">\n\t\t\t\t<div class=\"elementor-widget-container\">\n\t\t\t\t\t<div class=\"uael-woocommerce uael-woo-products-grid uael-woo-skin-grid-default uael-woo-query-manual\" data-page=\"1801\" data-skin=\"grid_default\"><div class=\"columns-1 uael-woo-products-inner uael-woo-product__column-1 uael-woo-product__column-tablet-3 uael-woo-product__column-mobile-1\"><ul class=\"products columns-1\">\n\n<li class=\"embutidos ib\u00e9ricos post-951 product first instock taxable shipping-taxable purchasable product-type-simple\">\n\t<div class=\"uael-woo-product-wrapper\">\n\t\t<div class=\"uael-woo-products-thumbnail-wrap\"><div class=\"uael-flash-container\"><\/div><a href=\"https:\/\/www.ibericospefran.com\/en\/iberico\/salchichon-cular-extra-iberico\/\" class=\"woocommerce-LoopProduct-link woocommerce-loop-product__link\"><img loading=\"lazy\" decoding=\"async\" width=\"300\" height=\"300\" src=\"https:\/\/www.ibericospefran.com\/wp-content\/uploads\/2023\/02\/SALCHICHON-PEFRAN-MAESTRO-CULAR-VACIO-300x300.png\" class=\"attachment-woocommerce_thumbnail size-woocommerce_thumbnail\" alt=\"SALCHICHON cular bellota extra ib\u00e9rico-PEFRAN-MAESTRO-CULAR-VACIO\" srcset=\"https:\/\/www.ibericospefran.com\/wp-content\/uploads\/2023\/02\/SALCHICHON-PEFRAN-MAESTRO-CULAR-VACIO-300x300.png 300w, https:\/\/www.ibericospefran.com\/wp-content\/uploads\/2023\/02\/SALCHICHON-PEFRAN-MAESTRO-CULAR-VACIO-1024x1024.png 1024w, https:\/\/www.ibericospefran.com\/wp-content\/uploads\/2023\/02\/SALCHICHON-PEFRAN-MAESTRO-CULAR-VACIO-150x150.png 150w, https:\/\/www.ibericospefran.com\/wp-content\/uploads\/2023\/02\/SALCHICHON-PEFRAN-MAESTRO-CULAR-VACIO-768x768.png 768w, https:\/\/www.ibericospefran.com\/wp-content\/uploads\/2023\/02\/SALCHICHON-PEFRAN-MAESTRO-CULAR-VACIO-12x12.png 12w, https:\/\/www.ibericospefran.com\/wp-content\/uploads\/2023\/02\/SALCHICHON-PEFRAN-MAESTRO-CULAR-VACIO-600x600.png 600w, https:\/\/www.ibericospefran.com\/wp-content\/uploads\/2023\/02\/SALCHICHON-PEFRAN-MAESTRO-CULAR-VACIO-100x100.png 100w, https:\/\/www.ibericospefran.com\/wp-content\/uploads\/2023\/02\/SALCHICHON-PEFRAN-MAESTRO-CULAR-VACIO.png 1200w\" sizes=\"(max-width: 300px) 100vw, 300px\" \/><\/a><\/div><div class=\"uael-woo-products-summary-wrap\">\t\t\t<span class=\"uael-woo-product-category\">\n\t\t\t\tEmbutidos ib\u00e9ricos\t\t\t<\/span> \n\t\t\t<a href=\"https:\/\/www.ibericospefran.com\/en\/iberico\/salchichon-cular-extra-iberico\/\" class=\"uael-loop-product__link\"><h2 class=\"woocommerce-loop-product__title\">Salchich\u00f3n cular &#8216;Pefr\u00e1n Maestro&#8217;<\/h2><\/a><\/div>\t<\/div>\n<\/li>\n<\/ul>\n<\/div><\/div>\t\t\t\t<\/div>\n\t\t\t\t<\/div>\n\t\t\t\t\t<\/div>\n\t\t<\/div>\n\t\t\t\t<div class=\"elementor-column elementor-col-33 elementor-top-column elementor-element elementor-element-d29589b elementor-hidden-mobile\" data-id=\"d29589b\" data-element_type=\"column\" data-e-type=\"column\">\n\t\t\t<div class=\"elementor-widget-wrap\">\n\t\t\t\t\t\t\t<\/div>\n\t\t<\/div>\n\t\t\t\t\t<\/div>\n\t\t<\/section>\n\t\t\t\t<\/div>","protected":false},"excerpt":{"rendered":"<p>Salchich\u00f3n &#8216;Pefr\u00e1n Maestro&#8217; (Salchich\u00f3n cular bellota extra ib\u00e9rico) Al igual que el chorizo, se elabora con los mejores magros de cerdo ib\u00e9rico de bellota y &hellip;<\/p>\n<p class=\"read-more\"> <a class=\"\" href=\"https:\/\/www.ibericospefran.com\/en\/iberico\/salchichon-cular-extra-iberico\/\"> <span class=\"screen-reader-text\">Salchich\u00f3n cular &#8216;Pefr\u00e1n Maestro&#8217;<\/span> Read More &raquo;<\/a><\/p>","protected":false},"author":1,"featured_media":0,"parent":6,"menu_order":0,"comment_status":"closed","ping_status":"closed","template":"","meta":{"_acf_changed":false,"site-sidebar-layout":"no-sidebar","site-content-layout":"page-builder","ast-global-header-display":"","ast-banner-title-visibility":"","ast-main-header-display":"","ast-hfb-above-header-display":"","ast-hfb-below-header-display":"","ast-hfb-mobile-header-display":"","site-post-title":"disabled","ast-breadcrumbs-content":"","ast-featured-img":"disabled","footer-sml-layout":"","theme-transparent-header-meta":"","adv-header-id-meta":"","stick-header-meta":"","header-above-stick-meta":"","header-main-stick-meta":"","header-below-stick-meta":"","footnotes":""},"class_list":["post-1801","page","type-page","status-publish","hentry","desktop-align-center","tablet-align-center","mobile-align-center","ast-product-gallery-layout-vertical","ast-magnify-disabled"],"acf":[],"yoast_head":"<!-- This site is optimized with the Yoast SEO plugin v21.8 - https:\/\/yoast.com\/wordpress\/plugins\/seo\/ -->\n<title>Salchich\u00f3n &#039;Pefr\u00e1n Maestro&#039; - Pefran<\/title>\n<meta name=\"robots\" content=\"index, follow, max-snippet:-1, max-image-preview:large, max-video-preview:-1\" \/>\n<link rel=\"canonical\" href=\"https:\/\/www.ibericospefran.com\/en\/nuestra-despensa\/salchichon-pefran-maestro\/\" \/>\n<meta property=\"og:locale\" content=\"en_GB\" \/>\n<meta property=\"og:type\" content=\"article\" \/>\n<meta property=\"og:title\" content=\"Salchich\u00f3n &#039;Pefr\u00e1n Maestro&#039; - Pefran\" \/>\n<meta property=\"og:description\" content=\"Salchich\u00f3n &#8216;Pefr\u00e1n Maestro&#8217; (Salchich\u00f3n cular bellota extra ib\u00e9rico) Al igual que el chorizo, se elabora con los mejores magros de cerdo ib\u00e9rico de bellota y &hellip; Salchich\u00f3n cular &#8216;Pefr\u00e1n Maestro&#8217; Read More &raquo;\" \/>\n<meta property=\"og:url\" content=\"https:\/\/www.ibericospefran.com\/en\/nuestra-despensa\/salchichon-pefran-maestro\/\" \/>\n<meta property=\"og:site_name\" content=\"Pefran\" \/>\n<meta property=\"article:publisher\" content=\"https:\/\/www.facebook.com\/ibericospefran\" \/>\n<meta property=\"article:modified_time\" content=\"2023-03-02T08:03:06+00:00\" \/>\n<meta property=\"og:image\" content=\"https:\/\/www.ibericospefran.com\/wp-content\/uploads\/2023\/02\/sin-gluten.jpg\" \/>\n<meta name=\"twitter:card\" content=\"summary_large_image\" \/>\n<script type=\"application\/ld+json\" class=\"yoast-schema-graph\">{\"@context\":\"https:\/\/schema.org\",\"@graph\":[{\"@type\":\"WebPage\",\"@id\":\"https:\/\/www.ibericospefran.com\/nuestra-despensa\/salchichon-pefran-maestro\/\",\"url\":\"https:\/\/www.ibericospefran.com\/nuestra-despensa\/salchichon-pefran-maestro\/\",\"name\":\"Salchich\u00f3n 'Pefr\u00e1n Maestro' - Pefran\",\"isPartOf\":{\"@id\":\"https:\/\/www.ibericospefran.com\/#website\"},\"datePublished\":\"2023-02-27T17:02:34+00:00\",\"dateModified\":\"2023-03-02T08:03:06+00:00\",\"breadcrumb\":{\"@id\":\"https:\/\/www.ibericospefran.com\/nuestra-despensa\/salchichon-pefran-maestro\/#breadcrumb\"},\"inLanguage\":\"en-GB\",\"potentialAction\":[{\"@type\":\"ReadAction\",\"target\":[\"https:\/\/www.ibericospefran.com\/nuestra-despensa\/salchichon-pefran-maestro\/\"]}]},{\"@type\":\"BreadcrumbList\",\"@id\":\"https:\/\/www.ibericospefran.com\/nuestra-despensa\/salchichon-pefran-maestro\/#breadcrumb\",\"itemListElement\":[{\"@type\":\"ListItem\",\"position\":1,\"name\":\"Portada\",\"item\":\"https:\/\/www.ibericospefran.com\/\"},{\"@type\":\"ListItem\",\"position\":2,\"name\":\"Nuestra despensa\",\"item\":\"https:\/\/www.ibericospefran.com\/nuestra-despensa\/\"},{\"@type\":\"ListItem\",\"position\":3,\"name\":\"Salchich\u00f3n &#8216;Pefr\u00e1n Maestro&#8217;\"}]},{\"@type\":\"WebSite\",\"@id\":\"https:\/\/www.ibericospefran.com\/#website\",\"url\":\"https:\/\/www.ibericospefran.com\/\",\"name\":\"Ib\u00e9ricos Pefr\u00e1n\",\"description\":\"Embutidos ib\u00e9ricos\",\"publisher\":{\"@id\":\"https:\/\/www.ibericospefran.com\/#organization\"},\"potentialAction\":[{\"@type\":\"SearchAction\",\"target\":{\"@type\":\"EntryPoint\",\"urlTemplate\":\"https:\/\/www.ibericospefran.com\/?s={search_term_string}\"},\"query-input\":\"required name=search_term_string\"}],\"inLanguage\":\"en-GB\"},{\"@type\":\"Organization\",\"@id\":\"https:\/\/www.ibericospefran.com\/#organization\",\"name\":\"Ib\u00e9ricos Pefr\u00e1n\",\"url\":\"https:\/\/www.ibericospefran.com\/\",\"logo\":{\"@type\":\"ImageObject\",\"inLanguage\":\"en-GB\",\"@id\":\"https:\/\/www.ibericospefran.com\/#\/schema\/logo\/image\/\",\"url\":\"https:\/\/www.ibericospefran.com\/wp-content\/uploads\/2022\/11\/Logo_PEFRAN_naturalmente.svg\",\"contentUrl\":\"https:\/\/www.ibericospefran.com\/wp-content\/uploads\/2022\/11\/Logo_PEFRAN_naturalmente.svg\",\"width\":100,\"height\":100,\"caption\":\"Ib\u00e9ricos Pefr\u00e1n\"},\"image\":{\"@id\":\"https:\/\/www.ibericospefran.com\/#\/schema\/logo\/image\/\"},\"sameAs\":[\"https:\/\/www.facebook.com\/ibericospefran\",\"https:\/\/www.linkedin.com\/company\/ibericos-pefran\",\"https:\/\/www.instagram.com\/ibericospefran\/\"]}]}<\/script>\n<!-- \/ Yoast SEO plugin. -->","yoast_head_json":{"title":"Salchich\u00f3n 'Pefr\u00e1n Maestro' - Pefran","robots":{"index":"index","follow":"follow","max-snippet":"max-snippet:-1","max-image-preview":"max-image-preview:large","max-video-preview":"max-video-preview:-1"},"canonical":"https:\/\/www.ibericospefran.com\/en\/nuestra-despensa\/salchichon-pefran-maestro\/","og_locale":"en_GB","og_type":"article","og_title":"Salchich\u00f3n 'Pefr\u00e1n Maestro' - Pefran","og_description":"Salchich\u00f3n &#8216;Pefr\u00e1n Maestro&#8217; (Salchich\u00f3n cular bellota extra ib\u00e9rico) Al igual que el chorizo, se elabora con los mejores magros de cerdo ib\u00e9rico de bellota y &hellip; Salchich\u00f3n cular &#8216;Pefr\u00e1n Maestro&#8217; Read More &raquo;","og_url":"https:\/\/www.ibericospefran.com\/en\/nuestra-despensa\/salchichon-pefran-maestro\/","og_site_name":"Pefran","article_publisher":"https:\/\/www.facebook.com\/ibericospefran","article_modified_time":"2023-03-02T08:03:06+00:00","og_image":[{"url":"https:\/\/www.ibericospefran.com\/wp-content\/uploads\/2023\/02\/sin-gluten.jpg"}],"twitter_card":"summary_large_image","schema":{"@context":"https:\/\/schema.org","@graph":[{"@type":"WebPage","@id":"https:\/\/www.ibericospefran.com\/nuestra-despensa\/salchichon-pefran-maestro\/","url":"https:\/\/www.ibericospefran.com\/nuestra-despensa\/salchichon-pefran-maestro\/","name":"Salchich\u00f3n 'Pefr\u00e1n Maestro' - Pefran","isPartOf":{"@id":"https:\/\/www.ibericospefran.com\/#website"},"datePublished":"2023-02-27T17:02:34+00:00","dateModified":"2023-03-02T08:03:06+00:00","breadcrumb":{"@id":"https:\/\/www.ibericospefran.com\/nuestra-despensa\/salchichon-pefran-maestro\/#breadcrumb"},"inLanguage":"en-GB","potentialAction":[{"@type":"ReadAction","target":["https:\/\/www.ibericospefran.com\/nuestra-despensa\/salchichon-pefran-maestro\/"]}]},{"@type":"BreadcrumbList","@id":"https:\/\/www.ibericospefran.com\/nuestra-despensa\/salchichon-pefran-maestro\/#breadcrumb","itemListElement":[{"@type":"ListItem","position":1,"name":"Portada","item":"https:\/\/www.ibericospefran.com\/"},{"@type":"ListItem","position":2,"name":"Nuestra despensa","item":"https:\/\/www.ibericospefran.com\/nuestra-despensa\/"},{"@type":"ListItem","position":3,"name":"Salchich\u00f3n &#8216;Pefr\u00e1n Maestro&#8217;"}]},{"@type":"WebSite","@id":"https:\/\/www.ibericospefran.com\/#website","url":"https:\/\/www.ibericospefran.com\/","name":"Ib\u00e9ricos Pefr\u00e1n","description":"Embutidos ib\u00e9ricos","publisher":{"@id":"https:\/\/www.ibericospefran.com\/#organization"},"potentialAction":[{"@type":"SearchAction","target":{"@type":"EntryPoint","urlTemplate":"https:\/\/www.ibericospefran.com\/?s={search_term_string}"},"query-input":"required name=search_term_string"}],"inLanguage":"en-GB"},{"@type":"Organization","@id":"https:\/\/www.ibericospefran.com\/#organization","name":"Ib\u00e9ricos Pefr\u00e1n","url":"https:\/\/www.ibericospefran.com\/","logo":{"@type":"ImageObject","inLanguage":"en-GB","@id":"https:\/\/www.ibericospefran.com\/#\/schema\/logo\/image\/","url":"https:\/\/www.ibericospefran.com\/wp-content\/uploads\/2022\/11\/Logo_PEFRAN_naturalmente.svg","contentUrl":"https:\/\/www.ibericospefran.com\/wp-content\/uploads\/2022\/11\/Logo_PEFRAN_naturalmente.svg","width":100,"height":100,"caption":"Ib\u00e9ricos Pefr\u00e1n"},"image":{"@id":"https:\/\/www.ibericospefran.com\/#\/schema\/logo\/image\/"},"sameAs":["https:\/\/www.facebook.com\/ibericospefran","https:\/\/www.linkedin.com\/company\/ibericos-pefran","https:\/\/www.instagram.com\/ibericospefran\/"]}]}},"_links":{"self":[{"href":"https:\/\/www.ibericospefran.com\/en\/wp-json\/wp\/v2\/pages\/1801","targetHints":{"allow":["GET"]}}],"collection":[{"href":"https:\/\/www.ibericospefran.com\/en\/wp-json\/wp\/v2\/pages"}],"about":[{"href":"https:\/\/www.ibericospefran.com\/en\/wp-json\/wp\/v2\/types\/page"}],"author":[{"embeddable":true,"href":"https:\/\/www.ibericospefran.com\/en\/wp-json\/wp\/v2\/users\/1"}],"replies":[{"embeddable":true,"href":"https:\/\/www.ibericospefran.com\/en\/wp-json\/wp\/v2\/comments?post=1801"}],"version-history":[{"count":28,"href":"https:\/\/www.ibericospefran.com\/en\/wp-json\/wp\/v2\/pages\/1801\/revisions"}],"predecessor-version":[{"id":2140,"href":"https:\/\/www.ibericospefran.com\/en\/wp-json\/wp\/v2\/pages\/1801\/revisions\/2140"}],"up":[{"embeddable":true,"href":"https:\/\/www.ibericospefran.com\/en\/wp-json\/wp\/v2\/pages\/6"}],"wp:attachment":[{"href":"https:\/\/www.ibericospefran.com\/en\/wp-json\/wp\/v2\/media?parent=1801"}],"curies":[{"name":"wp","href":"https:\/\/api.w.org\/{rel}","templated":true}]}}